{"id":3446,"date":"2021-02-17T08:13:45","date_gmt":"2021-02-17T07:13:45","guid":{"rendered":"https:\/\/www.weitzer-waermeparkett.com\/home\/"},"modified":"2024-10-25T14:29:56","modified_gmt":"2024-10-25T12:29:56","slug":"home","status":"publish","type":"page","link":"https:\/\/www.weitzer-waermeparkett.com\/hu\/","title":{"rendered":"Home"},"content":{"rendered":"<div id=\"ep-block-page-header-block_b9d5a4162c5ed719db0bf7503bac2b5e\" class=\"ep-block-page-header ep-block  chosen-bg-theme-beige type-2\">\n            <div class=\"show-frontend\">\n\n            <div class=\"inner\">\n                                \n                <div class=\"container mx-auto\" style=\"\">\n                    <div class=\"text-container\">\n\n                        \n                                                    <h1>F\u0171t\u00f6tt parketta<\/h1>\n                        \n                                                    <div class=\"text-wrapper\"><p>\u00daj\u00edt\u00e1s a Weitzer-t\u0151l:<br \/>\nF\u0171t\u00e9s \u00e9s parketta egyben.<\/p>\n<div class=\"title row-2\">\n<p>Az\u00a0okos\u00a0f\u0171t\u00e9si megold\u00e1s.<\/p>\n<\/div>\n<\/div>\n                        \n                                                    <div class=\"btn-wrapper\">\n                                                                    <div class=\"link\">\n                                        <a href=\"https:\/\/www.weitzer-waermeparkett.com\/hu\/erdeklodes\/\" title=\"K\u00e9rjen aj\u00e1nlatot most!\" target=\"\" class=\"btn arrow-right\">\n                                            K\u00e9rjen aj\u00e1nlatot most!\n                                        <\/a>\n                                    <\/div>\n                                \n                                                                    <div class=\"link\">\n                                        <a href=\"https:\/\/www.weitzer-waermeparkett.com\/hu\/koltsegkalkulacio\/\" title=\"F\u0171t\u00e9si k\u00f6lts\u00e9g kalkul\u00e1tor\" target=\"\" class=\"btn link arrow-right\">\n                                            F\u0171t\u00e9si k\u00f6lts\u00e9g kalkul\u00e1tor\n                                        <\/a>\n                                    <\/div>\n                                                            <\/div>\n                        \n                                            <\/div>\n                <\/div>\n            <\/div>\n\n                            <div class=\"image-wrapper\">\n                    \n                    \n                    \n                                                                                        \n                    \n                                                            \n                    <picture class=\"image\">\n                        <source srcset=\"https:\/\/www.weitzer-waermeparkett.com\/wp-content\/uploads\/2023\/04\/weitzer-waermeparkett-home-830x602-c-center.jpg 1x\" media=\"(min-resolution: 120dpi)\"\/>\n                        <source srcset=\"https:\/\/www.weitzer-waermeparkett.com\/wp-content\/uploads\/2023\/04\/weitzer-waermeparkett-home-830x602-c-center.jpg 1x\" media=\"(min-width: 1024px)\"\/>\n                        <source srcset=\"https:\/\/www.weitzer-waermeparkett.com\/wp-content\/uploads\/2023\/04\/weitzer-waermeparkett-home-684x496-c-center.jpg 1x\" media=\"(min-width: 768px)\"\/>\n                        <source srcset=\"https:\/\/www.weitzer-waermeparkett.com\/wp-content\/uploads\/2023\/04\/weitzer-waermeparkett-home-356x258-c-center.jpg 1x\" media=\"(max-width: 767px)\"\/>\n                        <img decoding=\"async\" src=\"https:\/\/www.weitzer-waermeparkett.com\/wp-content\/uploads\/2023\/04\/weitzer-waermeparkett-home-356x258-c-center.jpg\" alt=\"\" title=\"weitzer-waermeparkett-home\"\/>\n                    <\/picture>\n\n                                    <\/div>\n\n                                    <\/div>\n    <\/div>\n\n\n<div id=\"ep-block-spacer-block_5db13c7d44917342c7582139854ef706\" class=\"ep-block-spacer ep-block  chosen-bg-white\">\n            <div class=\"show-frontend\">\n                        <style>\n                #ep-spacer-yYR3S {\n                    height: 100px;\n                }\n                @media (max-width: 767px) {\n                    #ep-spacer-yYR3S {\n                        height: 40px;\n                    }\n                }\n                @media (min-width: 768px) and (max-width: 1023px) {\n                    #ep-spacer-yYR3S {\n                        height: 60px;\n                    }\n                }\n            <\/style>\n            <div id=\"ep-spacer-yYR3S\"><\/div>\n        <\/div>\n    <\/div>\n\n<div id=\"ep-block-pre-text-block_121d11540aaded725b823404fe5167b4\" class=\"ep-block-pre-text ep-block  chosen-bg-white\">\n                        <div class=\"show-frontend\">\n                <div class=\"inner\">\n                    <div class=\"holder\"><h2>Az okos f\u0171t\u00e9si megold\u00e1s.<\/h2>\n<p>A sz\u00e9p \u00e9s meleg otthon \u00e9rdek\u00e9ben bemutatjuk \u00d6nnek a Weitzer f\u0171t\u00f6tt parketta innovat\u00edv \u00e9s okos rendszermegold\u00e1s\u00e1t. Ez a teljes karbon komfortf\u0171t\u00e9s \u00e9s val\u00f3di fa parketta kombin\u00e1ci\u00f3ja, amely egyenletesen meleg\u00edti fel a padl\u00f3t, kellemes sug\u00e1rz\u00f3 h\u0151t hoz l\u00e9tre \u00e9s az eg\u00e9sz szob\u00e1t f\u0171ti.<\/p>\n<p>A Weitzer f\u0171t\u00f6tt parketta t\u00f6k\u00e9letes alternat\u00edv\u00e1t k\u00edn\u00e1l f\u0151f\u0171t\u00e9sk\u00e9nt vagy ak\u00e1r kieg\u00e9sz\u00edt\u0151 f\u0171t\u00e9sk\u00e9nt is haszn\u00e1lhat\u00f3.<\/p>\n<\/div>\n                <\/div>\n            <\/div>\n            <\/div>\n\n<div id=\"ep-block-spacer-block_298d99a76f8c7dd4a45d851c1ceb4439\" class=\"ep-block-spacer ep-block  chosen-bg-white\">\n            <div class=\"show-frontend\">\n                        <style>\n                #ep-spacer-QmzZT {\n                    height: 50px;\n                }\n                @media (max-width: 767px) {\n                    #ep-spacer-QmzZT {\n                        height: 30px;\n                    }\n                }\n                @media (min-width: 768px) and (max-width: 1023px) {\n                    #ep-spacer-QmzZT {\n                        height: 30px;\n                    }\n                }\n            <\/style>\n            <div id=\"ep-spacer-QmzZT\"><\/div>\n        <\/div>\n    <\/div>\n\n<div id=\"ep-block-big-image-block_b77037386c59f69ad12bfb9e0483f7f4\" class=\"ep-block-big-image ep-block  chosen-bg-white\">\n                                                <div class=\"show-frontend type-0\" style=\"background-image: url(https:\/\/www.weitzer-waermeparkett.com\/wp-content\/uploads\/2022\/08\/waermeparkett-home-echtholz-scaled-1440x712-c-center.jpg);\">\n\n                \n                \n                <div class=\"holder\">\n\n                                            <h2 class=\"h1 serif\">F\u0171t\u00e9s \u00e9s parketta \u2013 Teljes megold\u00e1sunk<\/h2>\n                    \n                    \n                                            <div class=\"btn-wrapper-1\">\n                            <a href=\"https:\/\/www.weitzer-waermeparkett.com\/hu\/futes-es-parketta\/\" target=\"\" class=\"btn default\" title=\"Fedezze fel most\">Fedezze fel most<\/a>\n                        <\/div>\n                    \n                    \n                                    <\/div>\n            <\/div>\n            <\/div>\n\n<div id=\"ep-block-title-subtitle-block_c5633df1a4ac8b0e88ceb226e57c8857\" class=\"ep-block-title-subtitle ep-block  chosen-bg-white\">\n            <div class=\"show-frontend\">\n            <div class=\"inner\">\n                <div class=\"holder content-text-center\">\n\n                    \n                                            <div class=\"sub-title\">\n                                                        \n                            <h6 class=\"serif\"> Weitzer f\u0171t\u00f6tt parketta<\/h6>\n                        <\/div>\n                    \n                                            <div class=\"title\">\n                            <h2 class=\"not-serif h1 font-weight- headline font-normal\">K\u00f6rnyezetbar\u00e1t \u00e9s gazdas\u00e1gos!<\/h2>\n                        <\/div>\n                    \n                <\/div>\n            <\/div>\n        <\/div>\n    <\/div>\n\n\n<div id=\"ep-block-content-slider-block_3912707a77c6d2165fb83bc401b5724f\" class=\"ep-block-content-slider ep-block  chosen-bg-white\">\n                <\/div>\n\n<div id=\"ep-block-button-block_382c85059015b8daaa3a19c9bfe1fbd4\" class=\"ep-block-button ep-block  chosen-bg-white\">\n                        <div class=\"show-frontend\">\n                <div class=\"holder\">\n                    <div class=\"button-wrapper content-center\">\n                        <a href=\"https:\/\/www.weitzer-waermeparkett.com\/hu\/okologia-es-gazdasag\/\" target=\"\" class=\"btn standard arrow-none\">\n                            Tudjon meg t\u00f6bbet a j\u00f6v\u0151 f\u0171t\u00e9s\u00e9r\u0151l\n                        <\/a>\n                    <\/div>\n                <\/div>\n            <\/div>\n            <\/div>\n\n<div id=\"ep-block-spacer-block_5db13c7d44917342c7582139854ef706\" class=\"ep-block-spacer ep-block  chosen-bg-white\">\n            <div class=\"show-frontend\">\n                        <style>\n                #ep-spacer-LxIUQ {\n                    height: 100px;\n                }\n                @media (max-width: 767px) {\n                    #ep-spacer-LxIUQ {\n                        height: 40px;\n                    }\n                }\n                @media (min-width: 768px) and (max-width: 1023px) {\n                    #ep-spacer-LxIUQ {\n                        height: 60px;\n                    }\n                }\n            <\/style>\n            <div id=\"ep-spacer-LxIUQ\"><\/div>\n        <\/div>\n    <\/div>\n\n<div id=\"ep-block-spacer-block_1680afbeabbccc772500498902f07002\" class=\"ep-block-spacer ep-block  chosen-bg-theme-beige\">\n            <div class=\"show-frontend\">\n                        <style>\n                #ep-spacer-7xLxo {\n                    height: 100px;\n                }\n                @media (max-width: 767px) {\n                    #ep-spacer-7xLxo {\n                        height: 40px;\n                    }\n                }\n                @media (min-width: 768px) and (max-width: 1023px) {\n                    #ep-spacer-7xLxo {\n                        height: 60px;\n                    }\n                }\n            <\/style>\n            <div id=\"ep-spacer-7xLxo\"><\/div>\n        <\/div>\n    <\/div>\n\n<div id=\"ep-block-wysiwyg-block_27a5d952df60870c0a925181c51c1adf\" class=\"ep-block-wysiwyg ep-block  chosen-bg-theme-beige\">\n                        <div class=\"show-frontend\">\n                <div class=\"inner\">\n                    <div class=\"holder\"><h2 style=\"text-align: center;\">Okos padl\u00f3 \u00edzl\u00e9ses megjelen\u00e9ssel:<\/h2>\n<\/div>\n                <\/div>\n            <\/div>\n            <\/div>\n\n<div id=\"ep-block-teaser-block_88b72ad83a7983c68e29e869135eb3fb\" class=\"ep-block-teaser ep-block  chosen-bg-theme-beige\">\n            <div class=\"show-frontend style-2\">\n            <div class=\"rectangle rectangle-1\"><\/div>\n            <div class=\"rectangle rectangle-2\"><\/div>\n            <div class=\"holder\">\n\n                                                                                                        \n                <div class=\"position-wrapper\">\n                                                                                                                                                                    <div class=\"image-wrapper\">                             <picture>\n                                <source srcset=\"https:\/\/www.weitzer-waermeparkett.com\/wp-content\/uploads\/2022\/11\/waermeparkett-heizen-komplettloesung-weit-scaled-582x388-c-center.jpg 1x\" media=\"(min-width: 1024px)\"\/>\n                                                                 <a href=\"https:\/\/www.weitzer-waermeparkett.com\/hu\/parketta-kollekcio\/\" target=\"\">\n                                <img decoding=\"async\" src=\"https:\/\/www.weitzer-waermeparkett.com\/wp-content\/uploads\/2022\/11\/waermeparkett-heizen-komplettloesung-weit-scaled-582x388-c-center.jpg\" alt=\"\" title=\"waermeparkett-heizen-komplettloesung-weit\"\/>\n                                <\/a>\n                            <\/picture>\n                        <\/div>\n                    \n                    <div class=\"text-wrapper\">\n                                                    <h2>\n                                 <a href=\"https:\/\/www.weitzer-waermeparkett.com\/hu\/parketta-kollekcio\/\" target=\"\">\n                                F\u0171t\u00f6tt parketta kollekci\u00f3nk\n                                <\/a>\n                            <\/h2>\n                        \n                                                    <div class=\"text\"><p>Fedezze fel t\u00f6k\u00e9letes megold\u00e1sainkat minden felhaszn\u00e1l\u00e1si ter\u00fcletre.<\/p>\n<p>A Weitzer-Parkett nyolc legszebb \u00e9s legn\u00e9pszer\u0171bb val\u00f3di fapadl\u00f3j\u00e1t v\u00e1lasztottuk ki \u00d6nnek.<\/p>\n<\/div>\n                        \n                                                    <div class=\"link-wrapper\">\n                                <a href=\"https:\/\/www.weitzer-waermeparkett.com\/hu\/parketta-kollekcio\/\" target=\"\" class=\"btn ghost\">\n                                    A parketta kollekci\u00f3 felfedez\u00e9se\n                                <\/a>\n                            <\/div>\n                        \n                    <\/div>\n                <\/div>\n            <\/div>\n        <\/div>\n    <\/div>\n\n<div id=\"ep-block-spacer-block_1680afbeabbccc772500498902f07002\" class=\"ep-block-spacer ep-block  chosen-bg-theme-beige\">\n            <div class=\"show-frontend\">\n                        <style>\n                #ep-spacer-nmoXp {\n                    height: 100px;\n                }\n                @media (max-width: 767px) {\n                    #ep-spacer-nmoXp {\n                        height: 40px;\n                    }\n                }\n                @media (min-width: 768px) and (max-width: 1023px) {\n                    #ep-spacer-nmoXp {\n                        height: 60px;\n                    }\n                }\n            <\/style>\n            <div id=\"ep-spacer-nmoXp\"><\/div>\n        <\/div>\n    <\/div>\n\n<div id=\"ep-block-spacer-block_5db13c7d44917342c7582139854ef706\" class=\"ep-block-spacer ep-block  chosen-bg-white\">\n            <div class=\"show-frontend\">\n                        <style>\n                #ep-spacer-Wme5L {\n                    height: 100px;\n                }\n                @media (max-width: 767px) {\n                    #ep-spacer-Wme5L {\n                        height: 40px;\n                    }\n                }\n                @media (min-width: 768px) and (max-width: 1023px) {\n                    #ep-spacer-Wme5L {\n                        height: 60px;\n                    }\n                }\n            <\/style>\n            <div id=\"ep-spacer-Wme5L\"><\/div>\n        <\/div>\n    <\/div>\n\n<div id=\"ep-block-accordion-slider-block_40ecd1f428e395df6903fdfbd645232c\" class=\"ep-block-accordion-slider ep-block  chosen-bg-white\">\n                        <div class=\"show-frontend\">\n\n                <div class=\"holder\">\n                    <div class=\"position-wrapper\">\n                        <div class=\"accordion-wrapper\">\n                                                        <h6 class=\"hidden lg:block\">Nemcsak sz\u00e9p, hanem\u2026<\/h6>\n                            <div class=\"accordion-items\">\n                                                                    <div class=\"accordion-item active\">\n                                        <div class=\"accordion-title\">\n\n                                            <span class=\"arrow\">\n                                                <svg id=\"a1002fbd-a394-45ff-8fcc-faebdf3cb4d7\" data-name=\"Ebene 1\" xmlns=\"http:\/\/www.w3.org\/2000\/svg\" viewBox=\"0 0 9.91 6\">\n  <defs>\n    <style>\n      .b970d340-44e2-4a56-971a-4fb0b39108ab {\n        fill: #281212;\n      }\n    <\/style>\n  <\/defs>\n  <path class=\"b970d340-44e2-4a56-971a-4fb0b39108ab\" d=\"M.56,1.39,1.73.26,5.51,4,9.3.26l1.16,1.13-5,4.87Z\" transform=\"translate(-0.56 -0.26)\"\/>\n<\/svg>\n                                            <\/span>\n\n                                            <span class=\"title\">Karbantart\u00e1smentes parketta<\/span>\n\n                                                                                                                                        <span class=\"svg\">\n                                                                                                        <svg id=\"bc30a776-f1f5-4174-a6e1-c938e6f4bcba\" data-name=\"Ebene 1\" xmlns=\"http:\/\/www.w3.org\/2000\/svg\" viewBox=\"0 0 22.79 18.39\">\n  <defs>\n    <style>\n      .a5605ee6-ab90-4d35-98aa-79cb97243608 {\n        fill: #281212;\n      }\n    <\/style>\n  <\/defs>\n  <path class=\"a5605ee6-ab90-4d35-98aa-79cb97243608\" d=\"M16.79,12.19h-1v-.5a4.53,4.53,0,0,0-1.26-3.15,4.58,4.58,0,0,0-6.29,0A4.53,4.53,0,0,0,7,11.69v.5H6v-.5A5.49,5.49,0,0,1,7.54,7.84a5.6,5.6,0,0,1,7.71,0,5.49,5.49,0,0,1,1.54,3.85Z\"\/>\n  <rect class=\"a5605ee6-ab90-4d35-98aa-79cb97243608\" x=\"10.9\" width=\"0.99\" height=\"3.29\"\/>\n  <rect class=\"a5605ee6-ab90-4d35-98aa-79cb97243608\" x=\"3.9\" y=\"3.21\" width=\"0.99\" height=\"2.97\" transform=\"translate(-2.03 4.48) rotate(-45)\"\/>\n  <rect class=\"a5605ee6-ab90-4d35-98aa-79cb97243608\" y=\"11.2\" width=\"2.99\" height=\"0.99\"\/>\n  <rect class=\"a5605ee6-ab90-4d35-98aa-79cb97243608\" x=\"19.8\" y=\"11.2\" width=\"2.99\" height=\"0.99\"\/>\n  <rect class=\"a5605ee6-ab90-4d35-98aa-79cb97243608\" x=\"16.91\" y=\"4.2\" width=\"2.97\" height=\"0.99\" transform=\"translate(2.07 14.38) rotate(-45)\"\/>\n  <path class=\"a5605ee6-ab90-4d35-98aa-79cb97243608\" d=\"M22.29,18.39H.5L0,17.9V14.7l.5-.5H22.29l.5.5v3.2ZM1,17.4H21.8V15.19H1Z\"\/>\n  <rect class=\"a5605ee6-ab90-4d35-98aa-79cb97243608\" x=\"-0.23\" y=\"16.1\" width=\"4.46\" height=\"0.5\" transform=\"translate(-10.82 6) rotate(-44.12)\"\/>\n  <rect class=\"a5605ee6-ab90-4d35-98aa-79cb97243608\" x=\"2.47\" y=\"16.1\" width=\"4.46\" height=\"0.5\" transform=\"translate(-10.05 7.88) rotate(-44.12)\"\/>\n  <rect class=\"a5605ee6-ab90-4d35-98aa-79cb97243608\" x=\"5.17\" y=\"16.1\" width=\"4.46\" height=\"0.5\" transform=\"translate(-9.29 9.76) rotate(-44.12)\"\/>\n  <rect class=\"a5605ee6-ab90-4d35-98aa-79cb97243608\" x=\"7.85\" y=\"16.1\" width=\"4.38\" height=\"0.49\" transform=\"translate(-8.62 11.89) rotate(-45)\"\/>\n  <rect class=\"a5605ee6-ab90-4d35-98aa-79cb97243608\" x=\"10.55\" y=\"16.1\" width=\"4.38\" height=\"0.49\" transform=\"translate(-7.83 13.8) rotate(-45)\"\/>\n  <rect class=\"a5605ee6-ab90-4d35-98aa-79cb97243608\" x=\"13.17\" y=\"16.1\" width=\"4.46\" height=\"0.49\" transform=\"translate(-7.03 15.3) rotate(-44.04)\"\/>\n  <rect class=\"a5605ee6-ab90-4d35-98aa-79cb97243608\" x=\"15.87\" y=\"16.1\" width=\"4.46\" height=\"0.49\" transform=\"translate(-6.28 17.17) rotate(-44.04)\"\/>\n  <rect class=\"a5605ee6-ab90-4d35-98aa-79cb97243608\" x=\"18.57\" y=\"16.1\" width=\"4.46\" height=\"0.49\" transform=\"translate(-5.52 19.05) rotate(-44.04)\"\/>\n<\/svg>\n\n                                                <\/span>\n                                                                                    <\/div>\n                                        <div class=\"accordion-content\">\n                                            <div class=\"inner\">\n                                                <p><strong>a lakkozott fel\u00fclet<\/strong><\/p>\n<p>A p\u00f3rusok m\u00e9ly\u00e9re hatol\u00f3, t\u00f6bbr\u00e9teg\u0171 speci\u00e1lis z\u00e1r\u00f3bevonatunknak k\u00f6sz\u00f6nhet\u0151en nem kell bonyolult karbantart\u00e1si ritu\u00e1l\u00e9kat v\u00e9grehajtania. \u00cdgy id\u0151t \u00e9s p\u00e9nzt takar\u00edt meg, \u00e9s a padl\u00f3ja tart\u00f3san gy\u00f6ny\u00f6r\u0171 marad.<\/p>\n<p><span style=\"color: #faba00;\"><strong>Intelligens tulajdons\u00e1gok:<\/strong><\/span><\/p>\n<ul>\n<li>k\u00fcl\u00f6n\u00f6sen strapab\u00edr\u00f3<\/li>\n<li>nagyon karc\u00e1ll\u00f3 \u00e9s vegyszer\u00e1ll\u00f3<\/li>\n<li>por \u00e9s szennyez\u0151d\u00e9sek elleni v\u00e9delem<\/li>\n<\/ul>\n\n                                            <\/div>\n                                        <\/div>\n                                    <\/div>\n                                                                    <div class=\"accordion-item \">\n                                        <div class=\"accordion-title\">\n\n                                            <span class=\"arrow\">\n                                                <svg id=\"a1002fbd-a394-45ff-8fcc-faebdf3cb4d7\" data-name=\"Ebene 1\" xmlns=\"http:\/\/www.w3.org\/2000\/svg\" viewBox=\"0 0 9.91 6\">\n  <defs>\n    <style>\n      .b970d340-44e2-4a56-971a-4fb0b39108ab {\n        fill: #281212;\n      }\n    <\/style>\n  <\/defs>\n  <path class=\"b970d340-44e2-4a56-971a-4fb0b39108ab\" d=\"M.56,1.39,1.73.26,5.51,4,9.3.26l1.16,1.13-5,4.87Z\" transform=\"translate(-0.56 -0.26)\"\/>\n<\/svg>\n                                            <\/span>\n\n                                            <span class=\"title\">Eg\u00e9szs\u00e9ges parketta<\/span>\n\n                                                                                                                                        <span class=\"svg\">\n                                                                                                        <svg id=\"ece80522-0d36-46b9-af29-d3e0ddba6e43\" data-name=\"Ebene 1\" xmlns=\"http:\/\/www.w3.org\/2000\/svg\" viewBox=\"0 0 22.79 20.27\">\n  <defs>\n    <style>\n      .e2fafd64-c4a2-49e0-948e-80e1dbc582b4 {\n        fill: #281212;\n      }\n\n      .a7eae703-8a83-49b9-bdfb-888c6dcb629a {\n        fill: #fff;\n      }\n    <\/style>\n  <\/defs>\n  <path class=\"e2fafd64-c4a2-49e0-948e-80e1dbc582b4\" d=\"M16.75,14a2.09,2.09,0,0,1-.43,0,2.76,2.76,0,0,1-1.92-1.83,2.5,2.5,0,0,1-1.23-2,2.7,2.7,0,0,1,1.36-2.19h0A7.12,7.12,0,0,1,16.83,7,7,7,0,0,0,19.41,5.9l.74.2a7.51,7.51,0,0,1-1,6.73A3.55,3.55,0,0,1,16.75,14ZM15.07,8.71a1.8,1.8,0,0,0-.91,1.37,1.76,1.76,0,0,0,.91,1.31l.19.23c.32.8.74,1.26,1.26,1.36a2.38,2.38,0,0,0,1.93-.83,6.8,6.8,0,0,0,1-5.09,9,9,0,0,1-2.37.88,6.43,6.43,0,0,0-2,.77Z\" transform=\"translate(-0.7 -1.03)\"\/>\n  <path class=\"e2fafd64-c4a2-49e0-948e-80e1dbc582b4\" d=\"M7.63,12.2a4.54,4.54,0,0,1-3.11-1.89C3,8.47,2.34,3.79,3.76,1.16L4.53,1A8.13,8.13,0,0,0,8.18,2.79a5.76,5.76,0,0,1,3.2,1.69A3.75,3.75,0,0,1,12.54,7.7a3.67,3.67,0,0,1-2.26,2.37A3.23,3.23,0,0,1,8,12.18Zm-3.24-10c-.86,2.31-.3,6.05.89,7.5A3.27,3.27,0,0,0,7.82,11.2c.62-.09,1.17-.66,1.63-1.7l.25-.25c1.09-.5,1.73-1.09,1.87-1.76a3,3,0,0,0-.94-2.37h0a4.85,4.85,0,0,0-2.7-1.37A9.77,9.77,0,0,1,4.39,2.19Z\" transform=\"translate(-0.7 -1.03)\"\/>\n  <path class=\"e2fafd64-c4a2-49e0-948e-80e1dbc582b4\" d=\"M12.86,16.67l-.95-.11A19.15,19.15,0,0,0,6.27,6l.66-.74a19.53,19.53,0,0,1,5.64,9.62c.82-1.71,2.38-4.43,4.51-5.49l.44.88C14.73,11.64,12.88,16.62,12.86,16.67Z\" transform=\"translate(-0.7 -1.03)\"\/>\n  <rect class=\"a7eae703-8a83-49b9-bdfb-888c6dcb629a\" x=\"9.2\" y=\"14.78\" width=\"5.7\" height=\"0.99\"\/>\n  <path class=\"e2fafd64-c4a2-49e0-948e-80e1dbc582b4\" d=\"M23,21.29H1.2L.7,20.8V17.6l.5-.49H23l.49.49v3.2Zm-21.31-1H22.5V18.1H1.69Z\" transform=\"translate(-0.7 -1.03)\"\/>\n  <rect class=\"e2fafd64-c4a2-49e0-948e-80e1dbc582b4\" x=\"0.44\" y=\"18.95\" width=\"4.53\" height=\"0.49\" transform=\"translate(-13.49 6.5) rotate(-45)\"\/>\n  <rect class=\"e2fafd64-c4a2-49e0-948e-80e1dbc582b4\" x=\"3.14\" y=\"18.95\" width=\"4.53\" height=\"0.49\" transform=\"translate(-12.7 8.41) rotate(-45)\"\/>\n  <rect class=\"e2fafd64-c4a2-49e0-948e-80e1dbc582b4\" x=\"5.84\" y=\"18.95\" width=\"4.53\" height=\"0.49\" transform=\"translate(-11.91 10.32) rotate(-45)\"\/>\n  <polygon class=\"e2fafd64-c4a2-49e0-948e-80e1dbc582b4\" points=\"8.67 19.94 8.32 19.6 11.42 16.4 11.77 16.74 8.67 19.94\"\/>\n  <rect class=\"e2fafd64-c4a2-49e0-948e-80e1dbc582b4\" x=\"11.22\" y=\"18.95\" width=\"4.45\" height=\"0.49\" transform=\"translate(-10.41 14.49) rotate(-45.96)\"\/>\n  <rect class=\"e2fafd64-c4a2-49e0-948e-80e1dbc582b4\" x=\"13.84\" y=\"18.95\" width=\"4.53\" height=\"0.49\" transform=\"translate(-9.56 15.98) rotate(-45)\"\/>\n  <rect class=\"e2fafd64-c4a2-49e0-948e-80e1dbc582b4\" x=\"16.54\" y=\"18.95\" width=\"4.53\" height=\"0.49\" transform=\"translate(-8.77 17.89) rotate(-45)\"\/>\n  <rect class=\"e2fafd64-c4a2-49e0-948e-80e1dbc582b4\" x=\"19.24\" y=\"18.95\" width=\"4.53\" height=\"0.49\" transform=\"translate(-7.98 19.8) rotate(-45)\"\/>\n<\/svg>\n\n                                                <\/span>\n                                                                                    <\/div>\n                                        <div class=\"accordion-content\">\n                                            <div class=\"inner\">\n                                                <p><strong>a term\u00e9szetes olajozott fel\u00fclet<\/strong><\/p>\n<p>Eg\u00e9szs\u00e9ges Parkett\u00e1nk optim\u00e1lis komfort\u00e9rzetet biztos\u00edt \u2013 allergiamentes, antibakteri\u00e1lis, antisztatikus \u00e9s l\u00e9g\u00e1tereszt\u0151 egyben.<\/p>\n<p>Nem tapad r\u00e1 a por \u00e9s a szennyez\u0151d\u00e9s, \u00e9s az atk\u00e1k sem tal\u00e1lnak itt \u00e9letteret.<\/p>\n<p><span style=\"color: #faba00;\"><strong>Okos tulajdons\u00e1gok:<\/strong><\/span><\/p>\n<ul>\n<li>magas l\u00e9g\u00e1tereszt\u0151 k\u00e9pess\u00e9g<\/li>\n<li>r\u00e9szben renov\u00e1lhat\u00f3<\/li>\n<\/ul>\n\n                                            <\/div>\n                                        <\/div>\n                                    <\/div>\n                                                            <\/div>\n\n                            <div class=\"slick-progress-wrapper style-\">\n    <div class=\"progress-bar\">\n        <div class=\"bar\"><\/div>\n    <\/div>\n<\/div>\n                                                    <\/div>\n                        <div class=\"slider-wrapper\">\n                            <h6 class=\"block lg:hidden\">Nemcsak sz\u00e9p, hanem\u2026<\/h6>                            <div class=\"slider\">\n                                                                                                                                                                                                                    \n                                    <div class=\"slide\" style=\"background-image: url(https:\/\/www.weitzer-waermeparkett.com\/wp-content\/uploads\/2022\/11\/8-weitzer-parkett0299-1-01-900x708-c-center.jpg);\">\n                                        <picture>\n                                            <source srcset=\"https:\/\/www.weitzer-waermeparkett.com\/wp-content\/uploads\/2022\/11\/8-weitzer-parkett0299-1-01-854x690-c-center.jpg 1x\" media=\"(min-width: 1024px)\"\/>\n                                            <source srcset=\"https:\/\/www.weitzer-waermeparkett.com\/wp-content\/uploads\/2022\/11\/8-weitzer-parkett0299-1-01-854x690-c-center.jpg 1x\" media=\"(min-width: 768px)\"\/>\n                                            <source srcset=\"https:\/\/www.weitzer-waermeparkett.com\/wp-content\/uploads\/2022\/11\/8-weitzer-parkett0299-1-01-900x708-c-center.jpg 1x\" media=\"(max-width: 767px)\"\/>\n                                            <img decoding=\"async\" src=\"https:\/\/www.weitzer-waermeparkett.com\/wp-content\/uploads\/2022\/11\/8-weitzer-parkett0299-1-01-900x708-c-center.jpg\" alt=\"\" title=\"8_Weitzer_Parkett0299-1_01\"\/>\n                                        <\/picture>\n                                    <\/div>\n                                                                                                                                                                                                                    \n                                    <div class=\"slide\" style=\"background-image: url(https:\/\/www.weitzer-waermeparkett.com\/wp-content\/uploads\/2022\/11\/8-weitzer-parkett0072-01-900x708-c-center.jpg);\">\n                                        <picture>\n                                            <source srcset=\"https:\/\/www.weitzer-waermeparkett.com\/wp-content\/uploads\/2022\/11\/8-weitzer-parkett0072-01-854x690-c-center.jpg 1x\" media=\"(min-width: 1024px)\"\/>\n                                            <source srcset=\"https:\/\/www.weitzer-waermeparkett.com\/wp-content\/uploads\/2022\/11\/8-weitzer-parkett0072-01-854x690-c-center.jpg 1x\" media=\"(min-width: 768px)\"\/>\n                                            <source srcset=\"https:\/\/www.weitzer-waermeparkett.com\/wp-content\/uploads\/2022\/11\/8-weitzer-parkett0072-01-900x708-c-center.jpg 1x\" media=\"(max-width: 767px)\"\/>\n                                            <img decoding=\"async\" src=\"https:\/\/www.weitzer-waermeparkett.com\/wp-content\/uploads\/2022\/11\/8-weitzer-parkett0072-01-900x708-c-center.jpg\" alt=\"\" title=\"8-Weitzer_Parkett0072_01\"\/>\n                                        <\/picture>\n                                    <\/div>\n                                                            <\/div>\n                            <div class=\"slick-step-wrapper yellow\">\n    <div class=\"desktop\">\n        <div class=\"circle\" data-pct=\"0\">\n                                    <svg xmlns=\"http:\/\/www.w3.org\/2000\/svg\" class=\"circle-svg\" viewBox=\"0 0 65.5 65.5\">\n                <path d=\"M32.75,65.5A32.75,32.75,0,1,1,65.5,32.75,32.79,32.79,0,0,1,32.75,65.5Zm0-64A31.25,31.25,0,1,0,64,32.75,31.29,31.29,0,0,0,32.75,1.5Z\"\/>\n                <circle cx=\"32.75\" cy=\"32.75\" r=\"32\" fill=\"transparent\" stroke-dasharray=\"205.77\" stroke-dashoffset=\"0\"><\/circle>\n                <circle class=\"bar\" cx=\"32.75\" cy=\"32.75\" r=\"32\" fill=\"transparent\" stroke-dasharray=\"205.77\" stroke-dashoffset=\"0\"><\/circle>\n                            <\/svg>\n            <a href=\"#\" class=\"slick-next\">\n                <svg id=\"fb1c3dd2-8659-4209-bced-0b119dd1da42\" data-name=\"Ebene 1\" xmlns=\"http:\/\/www.w3.org\/2000\/svg\" viewBox=\"0 0 17.83 34.35\">\n  <defs>\n    <style>\n      .feece71a-b6e7-4ca8-a42e-8ee5c5fe48a3 {\n        fill: #d4ced2;\n      }\n    <\/style>\n  <\/defs>\n  <polygon class=\"feece71a-b6e7-4ca8-a42e-8ee5c5fe48a3\" points=\"1.07 34.35 0 33.3 15.74 17.18 0 1.05 1.07 0 17.83 17.18 1.07 34.35\"\/>\n<\/svg>\n            <\/a>\n        <\/div>\n        <div class=\"steps\">\n            <span class=\"of\">1<\/span>\/<span class=\"total\"><\/span>\n        <\/div>\n    <\/div>\n\n    <div class=\"mobile\">\n            <\/div>\n<\/div>                        <\/div>\n                    <\/div>\n                <\/div>\n\n                \n            <\/div>\n            <\/div>\n\n<div id=\"ep-block-spacer-block_5db13c7d44917342c7582139854ef706\" class=\"ep-block-spacer ep-block  chosen-bg-white\">\n            <div class=\"show-frontend\">\n                        <style>\n                #ep-spacer-jknjM {\n                    height: 100px;\n                }\n                @media (max-width: 767px) {\n                    #ep-spacer-jknjM {\n                        height: 40px;\n                    }\n                }\n                @media (min-width: 768px) and (max-width: 1023px) {\n                    #ep-spacer-jknjM {\n                        height: 60px;\n                    }\n                }\n            <\/style>\n            <div id=\"ep-spacer-jknjM\"><\/div>\n        <\/div>\n    <\/div>","protected":false},"excerpt":{"rendered":"","protected":false},"author":1,"featured_media":0,"parent":0,"menu_order":0,"comment_status":"closed","ping_status":"closed","template":"","meta":{"_acf_changed":false,"footnotes":""},"class_list":["post-3446","page","type-page","status-publish","hentry"],"acf":[],"yoast_head":"<!-- This site is optimized with the Yoast SEO plugin v27.1.1 - https:\/\/yoast.com\/product\/yoast-seo-wordpress\/ -->\n<title>Weitzer W\u00e4rmeparkett - Die smarte Art zu heizen.<\/title>\n<meta name=\"description\" content=\"Weitzer W\u00e4rmeparkett - Eine Innovation aus dem Hause Weitzer: Heizung und Parkett in einem. Die smarte Art zu heizen. Hier mehr erfahren!\" \/>\n<meta name=\"robots\" content=\"index, follow, max-snippet:-1, max-image-preview:large, max-video-preview:-1\" \/>\n<link rel=\"canonical\" href=\"https:\/\/www.weitzer-waermeparkett.com\/hu\/\" \/>\n<meta property=\"og:locale\" content=\"hu_HU\" \/>\n<meta property=\"og:type\" content=\"article\" \/>\n<meta property=\"og:title\" content=\"Weitzer W\u00e4rmeparkett - Die smarte Art zu heizen.\" \/>\n<meta property=\"og:description\" content=\"Weitzer W\u00e4rmeparkett - Eine Innovation aus dem Hause Weitzer: Heizung und Parkett in einem. Die smarte Art zu heizen. Hier mehr erfahren!\" \/>\n<meta property=\"og:url\" content=\"https:\/\/www.weitzer-waermeparkett.com\/hu\/\" \/>\n<meta property=\"og:site_name\" content=\"W\u00e4rmeparkett\" \/>\n<meta property=\"article:modified_time\" content=\"2024-10-25T12:29:56+00:00\" \/>\n<meta name=\"twitter:card\" content=\"summary_large_image\" \/>\n<script type=\"application\/ld+json\" class=\"yoast-schema-graph\">{\"@context\":\"https:\/\/schema.org\",\"@graph\":[{\"@type\":\"WebPage\",\"@id\":\"https:\/\/www.weitzer-waermeparkett.com\/hu\/\",\"url\":\"https:\/\/www.weitzer-waermeparkett.com\/hu\/\",\"name\":\"Weitzer W\u00e4rmeparkett - Die smarte Art zu heizen.\",\"isPartOf\":{\"@id\":\"https:\/\/www.weitzer-waermeparkett.com\/hu\/#website\"},\"datePublished\":\"2021-02-17T07:13:45+00:00\",\"dateModified\":\"2024-10-25T12:29:56+00:00\",\"description\":\"Weitzer W\u00e4rmeparkett - Eine Innovation aus dem Hause Weitzer: Heizung und Parkett in einem. Die smarte Art zu heizen. Hier mehr erfahren!\",\"breadcrumb\":{\"@id\":\"https:\/\/www.weitzer-waermeparkett.com\/hu\/#breadcrumb\"},\"inLanguage\":\"hu\",\"potentialAction\":[{\"@type\":\"ReadAction\",\"target\":[\"https:\/\/www.weitzer-waermeparkett.com\/hu\/\"]}]},{\"@type\":\"BreadcrumbList\",\"@id\":\"https:\/\/www.weitzer-waermeparkett.com\/hu\/#breadcrumb\",\"itemListElement\":[{\"@type\":\"ListItem\",\"position\":1,\"name\":\"Home\",\"item\":\"https:\/\/www.weitzer-waermeparkett.com\/hu\/\"},{\"@type\":\"ListItem\",\"position\":2,\"name\":\"Home\"}]},{\"@type\":\"WebSite\",\"@id\":\"https:\/\/www.weitzer-waermeparkett.com\/hu\/#website\",\"url\":\"https:\/\/www.weitzer-waermeparkett.com\/hu\/\",\"name\":\"W\u00e4rmeparkett\",\"description\":\"Die smarte Art zu heizen.\",\"potentialAction\":[{\"@type\":\"SearchAction\",\"target\":{\"@type\":\"EntryPoint\",\"urlTemplate\":\"https:\/\/www.weitzer-waermeparkett.com\/hu\/?s={search_term_string}\"},\"query-input\":{\"@type\":\"PropertyValueSpecification\",\"valueRequired\":true,\"valueName\":\"search_term_string\"}}],\"inLanguage\":\"hu\"}]}<\/script>\n<!-- \/ Yoast SEO plugin. -->","yoast_head_json":{"title":"Weitzer W\u00e4rmeparkett - Die smarte Art zu heizen.","description":"Weitzer W\u00e4rmeparkett - Eine Innovation aus dem Hause Weitzer: Heizung und Parkett in einem. Die smarte Art zu heizen. Hier mehr erfahren!","robots":{"index":"index","follow":"follow","max-snippet":"max-snippet:-1","max-image-preview":"max-image-preview:large","max-video-preview":"max-video-preview:-1"},"canonical":"https:\/\/www.weitzer-waermeparkett.com\/hu\/","og_locale":"hu_HU","og_type":"article","og_title":"Weitzer W\u00e4rmeparkett - Die smarte Art zu heizen.","og_description":"Weitzer W\u00e4rmeparkett - Eine Innovation aus dem Hause Weitzer: Heizung und Parkett in einem. Die smarte Art zu heizen. Hier mehr erfahren!","og_url":"https:\/\/www.weitzer-waermeparkett.com\/hu\/","og_site_name":"W\u00e4rmeparkett","article_modified_time":"2024-10-25T12:29:56+00:00","twitter_card":"summary_large_image","schema":{"@context":"https:\/\/schema.org","@graph":[{"@type":"WebPage","@id":"https:\/\/www.weitzer-waermeparkett.com\/hu\/","url":"https:\/\/www.weitzer-waermeparkett.com\/hu\/","name":"Weitzer W\u00e4rmeparkett - Die smarte Art zu heizen.","isPartOf":{"@id":"https:\/\/www.weitzer-waermeparkett.com\/hu\/#website"},"datePublished":"2021-02-17T07:13:45+00:00","dateModified":"2024-10-25T12:29:56+00:00","description":"Weitzer W\u00e4rmeparkett - Eine Innovation aus dem Hause Weitzer: Heizung und Parkett in einem. Die smarte Art zu heizen. Hier mehr erfahren!","breadcrumb":{"@id":"https:\/\/www.weitzer-waermeparkett.com\/hu\/#breadcrumb"},"inLanguage":"hu","potentialAction":[{"@type":"ReadAction","target":["https:\/\/www.weitzer-waermeparkett.com\/hu\/"]}]},{"@type":"BreadcrumbList","@id":"https:\/\/www.weitzer-waermeparkett.com\/hu\/#breadcrumb","itemListElement":[{"@type":"ListItem","position":1,"name":"Home","item":"https:\/\/www.weitzer-waermeparkett.com\/hu\/"},{"@type":"ListItem","position":2,"name":"Home"}]},{"@type":"WebSite","@id":"https:\/\/www.weitzer-waermeparkett.com\/hu\/#website","url":"https:\/\/www.weitzer-waermeparkett.com\/hu\/","name":"W\u00e4rmeparkett","description":"Die smarte Art zu heizen.","potentialAction":[{"@type":"SearchAction","target":{"@type":"EntryPoint","urlTemplate":"https:\/\/www.weitzer-waermeparkett.com\/hu\/?s={search_term_string}"},"query-input":{"@type":"PropertyValueSpecification","valueRequired":true,"valueName":"search_term_string"}}],"inLanguage":"hu"}]}},"_links":{"self":[{"href":"https:\/\/www.weitzer-waermeparkett.com\/hu\/wp-json\/wp\/v2\/pages\/3446","targetHints":{"allow":["GET"]}}],"collection":[{"href":"https:\/\/www.weitzer-waermeparkett.com\/hu\/wp-json\/wp\/v2\/pages"}],"about":[{"href":"https:\/\/www.weitzer-waermeparkett.com\/hu\/wp-json\/wp\/v2\/types\/page"}],"author":[{"embeddable":true,"href":"https:\/\/www.weitzer-waermeparkett.com\/hu\/wp-json\/wp\/v2\/users\/1"}],"replies":[{"embeddable":true,"href":"https:\/\/www.weitzer-waermeparkett.com\/hu\/wp-json\/wp\/v2\/comments?post=3446"}],"version-history":[{"count":5,"href":"https:\/\/www.weitzer-waermeparkett.com\/hu\/wp-json\/wp\/v2\/pages\/3446\/revisions"}],"predecessor-version":[{"id":3678,"href":"https:\/\/www.weitzer-waermeparkett.com\/hu\/wp-json\/wp\/v2\/pages\/3446\/revisions\/3678"}],"wp:attachment":[{"href":"https:\/\/www.weitzer-waermeparkett.com\/hu\/wp-json\/wp\/v2\/media?parent=3446"}],"curies":[{"name":"wp","href":"https:\/\/api.w.org\/{rel}","templated":true}]}}