{"id":3467,"date":"2021-02-17T09:22:28","date_gmt":"2021-02-17T08:22:28","guid":{"rendered":"https:\/\/www.weitzer-waermeparkett.com\/parkett-kollektion\/"},"modified":"2026-04-20T09:30:12","modified_gmt":"2026-04-20T07:30:12","slug":"weitzer-futott-parketta-kollekcio","status":"publish","type":"page","link":"https:\/\/www.weitzer-waermeparkett.com\/hu\/weitzer-futott-parketta-kollekcio\/","title":{"rendered":"Weitzer f\u0171t\u00f6tt parketta kollekci\u00f3"},"content":{"rendered":"<div id=\"ep-block-page-header-block_44ee9b34ea6e278a2482950ce0595865\" class=\"ep-block-page-header ep-block  chosen-bg-theme-beige type-2\">\n            <div class=\"show-frontend\">\n\n            <div class=\"inner\">\n                                \n                <div class=\"container mx-auto\" style=\"\">\n                    <div class=\"text-container\">\n\n                                                    <div class=\"breadcrumbs-wrapper\">\n                                <span><span><a href=\"https:\/\/www.weitzer-waermeparkett.com\/hu\/\">Home<\/a><\/span><\/span>\n                            <\/div>\n                        \n                                                    <h1>Weitzer f\u0171t\u00f6tt parketta kollekci\u00f3<\/h1>\n                        \n                                                    <div class=\"text-wrapper\"><p>Nyolc, a Weitzer Parketta legszebb \u00e9s legn\u00e9pszer\u0171bb t\u00f6m\u00f6rfa padl\u00f3lapj\u00e1t v\u00e1lasztottuk ki \u00d6nnek \u2014 \u201eehyn\u00e9n g\u00f6cs\u00f6s\u201d vagy \u201erusztikus\u201d megjelen\u00e9ssel.<\/p>\n<\/div>\n                        \n                        \n                                            <\/div>\n                <\/div>\n            <\/div>\n\n                            <div class=\"image-wrapper\">\n                    \n                    \n                    \n                                                                                        \n                    \n                                                            \n                    <picture class=\"image\">\n                        <source srcset=\"https:\/\/www.weitzer-waermeparkett.com\/wp-content\/uploads\/2023\/04\/wwp-parkett-koll-1956x1196px-830x602-c-center.jpg 1x\" media=\"(min-resolution: 120dpi)\"\/>\n                        <source srcset=\"https:\/\/www.weitzer-waermeparkett.com\/wp-content\/uploads\/2023\/04\/wwp-parkett-koll-1956x1196px-830x602-c-center.jpg 1x\" media=\"(min-width: 1024px)\"\/>\n                        <source srcset=\"https:\/\/www.weitzer-waermeparkett.com\/wp-content\/uploads\/2023\/04\/wwp-parkett-koll-1956x1196px-684x496-c-center.jpg 1x\" media=\"(min-width: 768px)\"\/>\n                        <source srcset=\"https:\/\/www.weitzer-waermeparkett.com\/wp-content\/uploads\/2023\/04\/wwp-parkett-koll-1956x1196px-356x258-c-center.jpg 1x\" media=\"(max-width: 767px)\"\/>\n                        <img decoding=\"async\" src=\"https:\/\/www.weitzer-waermeparkett.com\/wp-content\/uploads\/2023\/04\/wwp-parkett-koll-1956x1196px-356x258-c-center.jpg\" alt=\"\" title=\"WWP_Parkett-Koll_1956x1196px\"\/>\n                    <\/picture>\n\n                                    <\/div>\n\n                                    <\/div>\n    <\/div>\n\n\n<div id=\"ep-block-spacer-block_7bcc584b8baceafca969adf7fcb78d16\" class=\"ep-block-spacer ep-block  chosen-\">\n            <div class=\"show-frontend\">\n                        <style>\n                #ep-spacer-23OZG {\n                    height: 100px;\n                }\n                @media (max-width: 767px) {\n                    #ep-spacer-23OZG {\n                        height: 40px;\n                    }\n                }\n                @media (min-width: 768px) and (max-width: 1023px) {\n                    #ep-spacer-23OZG {\n                        height: 60px;\n                    }\n                }\n            <\/style>\n            <div id=\"ep-spacer-23OZG\"><\/div>\n        <\/div>\n    <\/div>\n\n<div id=\"ep-block-pre-text-block_d27c4b4b89f58fdd6c36d04fa8e4ab15\" class=\"ep-block-pre-text ep-block  chosen-\">\n                        <div class=\"show-frontend\">\n                <div class=\"inner\">\n                    <div class=\"holder\"><h2 style=\"text-align: center;\">Okos padl\u00f3 v\u00e1logatott megjelen\u00e9ssel:<br \/>\na Meleg Parketta Kollekci\u00f3nk<\/h2>\n<p style=\"text-align: center;\">Nyolc, a Weitzer Parketta legszebb \u00e9s legn\u00e9pszer\u0171bb t\u00f6m\u00f6rfa padl\u00f3lapj\u00e1t v\u00e1lasztottuk ki \u00d6nnek \u2014 \u201eehyn\u00e9n g\u00f6cs\u00f6s\u201d vagy \u201erusztikus\u201d megjelen\u00e9ssel.<\/p>\n<\/div>\n                <\/div>\n            <\/div>\n            <\/div>\n\n<div id=\"ep-block-image-title-text-link-block_948695dca2f26f2ae799dd2f01d8ad48\" class=\"ep-block-image-title-text-link ep-block  chosen-\">\n            <div class=\"show-frontend\">\n            <div class=\"inner\">\n                <div class=\"holder\">\n                    <div class=\"text-wrapper\">\n                                                    <h2>T\u00f6k\u00e9letes megold\u00e1sok minden felhaszn\u00e1l\u00e1si ter\u00fcletre.<\/h2>\n                        \n                                                    <div class=\"text\"><p>Szeretne egy olyan parkett\u00e1t, amely funkcion\u00e1lis el\u0151ny\u00f6ket ny\u00fajt \u00d6nnek? \u00c9lvezze a Weitzer karbantart\u00e1smentes \u00e9s eg\u00e9szs\u00e9g\u00fcgyi parketta innovat\u00edv tulajdons\u00e1gait \u00e9s min\u0151s\u00e9g\u00e9t, ak\u00e1r a meleg parkett\u00e1val kombin\u00e1lva is, hogy m\u00e9g t\u00f6bb \u00f6r\u00f6m\u00f6t, k\u00e9nyelmet \u00e9s \u00e9letmin\u0151s\u00e9get \u00e9lvezhessen!<\/p>\n<\/div>\n                        \n                                                    <div class=\"btn-wrapper\">\n                                <a href=\"https:\/\/www.weitzer-waermeparkett.com\/hu\/erdeklodes\/\" target=\"\" class=\"btn ghost\">\u00c9rdekl\u0151dj\u00f6n most!<\/a>\n                            <\/div>\n                                            <\/div>\n                                            <div class=\"image-wrapper\">\n                                                                                    \n                                                                                                                <picture class=\"post-image\">\n                                <source srcset=\"https:\/\/www.weitzer-waermeparkett.com\/wp-content\/uploads\/2022\/11\/pflegefrei-gesund-parkett-waermeparkett-582x388-c-center.jpg 1x\" media=\"(min-width: 1024px)\"\/>\n                                <source srcset=\"https:\/\/www.weitzer-waermeparkett.com\/wp-content\/uploads\/2022\/11\/pflegefrei-gesund-parkett-waermeparkett-582x388-c-center.jpg 1x\" media=\"(min-width: 768px)\"\/>\n                                <source srcset=\"https:\/\/www.weitzer-waermeparkett.com\/wp-content\/uploads\/2022\/11\/pflegefrei-gesund-parkett-waermeparkett-684x456-c-center.jpg 1x\" media=\"(max-width: 767px)\"\/>\n                                <img decoding=\"async\" src=\"https:\/\/www.weitzer-waermeparkett.com\/wp-content\/uploads\/2022\/11\/pflegefrei-gesund-parkett-waermeparkett-684x456-c-center.jpg\" alt=\"\" title=\"pflegefrei-gesund-parkett-waermeparkett\"\/>\n                            <\/picture>\n                        <\/div>\n                                    <\/div>\n            <\/div>\n        <\/div>\n    <\/div>\n\n<div id=\"ep-block-wysiwyg-block_52526b6a4789522ba52267fbdd1caaef\" class=\"ep-block-wysiwyg ep-block  chosen-\">\n                        <div class=\"show-frontend\">\n                <div class=\"inner\">\n                    <div class=\"holder\"><p style=\"text-align: center;\">A vil\u00e1gon egyed\u00fcl\u00e1ll\u00f3 karbantart\u00e1smentes \u00e9s eg\u00e9szs\u00e9g\u00fcgyi parkett\u00e1nk tulajdons\u00e1gai bizony\u00edtj\u00e1k innov\u00e1ci\u00f3s erej\u00fcnket, amely a parketta ter\u00fclet\u00e9n \u00faj m\u00e9rc\u00e9ket \u00e1ll\u00edt fel.<\/p>\n<\/div>\n                <\/div>\n            <\/div>\n            <\/div>\n\n<div id=\"ep-block-accordion-slider-block_281f37503e51198b72d375f17b83b0df\" class=\"ep-block-accordion-slider ep-block  chosen-bg-white\">\n                        <div class=\"show-frontend\">\n\n                <div class=\"holder\">\n                    <div class=\"position-wrapper\">\n                        <div class=\"accordion-wrapper\">\n                                                        <h6 class=\"hidden lg:block\">Innovat\u00edv 1831 \u00f3ta.<\/h6>\n                            <div class=\"accordion-items\">\n                                                                    <div class=\"accordion-item active\">\n                                        <div class=\"accordion-title\">\n\n                                            <span class=\"arrow\">\n                                                <svg id=\"a1002fbd-a394-45ff-8fcc-faebdf3cb4d7\" data-name=\"Ebene 1\" xmlns=\"http:\/\/www.w3.org\/2000\/svg\" viewBox=\"0 0 9.91 6\">\n  <defs>\n    <style>\n      .b970d340-44e2-4a56-971a-4fb0b39108ab {\n        fill: #281212;\n      }\n    <\/style>\n  <\/defs>\n  <path class=\"b970d340-44e2-4a56-971a-4fb0b39108ab\" d=\"M.56,1.39,1.73.26,5.51,4,9.3.26l1.16,1.13-5,4.87Z\" transform=\"translate(-0.56 -0.26)\"\/>\n<\/svg>\n                                            <\/span>\n\n                                            <span class=\"title\">Pflegefrei-Parkett<\/span>\n\n                                                                                                                                        <span class=\"svg\">\n                                                                                                        <svg id=\"bc30a776-f1f5-4174-a6e1-c938e6f4bcba\" data-name=\"Ebene 1\" xmlns=\"http:\/\/www.w3.org\/2000\/svg\" viewBox=\"0 0 22.79 18.39\">\n  <defs>\n    <style>\n      .a5605ee6-ab90-4d35-98aa-79cb97243608 {\n        fill: #281212;\n      }\n    <\/style>\n  <\/defs>\n  <path class=\"a5605ee6-ab90-4d35-98aa-79cb97243608\" d=\"M16.79,12.19h-1v-.5a4.53,4.53,0,0,0-1.26-3.15,4.58,4.58,0,0,0-6.29,0A4.53,4.53,0,0,0,7,11.69v.5H6v-.5A5.49,5.49,0,0,1,7.54,7.84a5.6,5.6,0,0,1,7.71,0,5.49,5.49,0,0,1,1.54,3.85Z\"\/>\n  <rect class=\"a5605ee6-ab90-4d35-98aa-79cb97243608\" x=\"10.9\" width=\"0.99\" height=\"3.29\"\/>\n  <rect class=\"a5605ee6-ab90-4d35-98aa-79cb97243608\" x=\"3.9\" y=\"3.21\" width=\"0.99\" height=\"2.97\" transform=\"translate(-2.03 4.48) rotate(-45)\"\/>\n  <rect class=\"a5605ee6-ab90-4d35-98aa-79cb97243608\" y=\"11.2\" width=\"2.99\" height=\"0.99\"\/>\n  <rect class=\"a5605ee6-ab90-4d35-98aa-79cb97243608\" x=\"19.8\" y=\"11.2\" width=\"2.99\" height=\"0.99\"\/>\n  <rect class=\"a5605ee6-ab90-4d35-98aa-79cb97243608\" x=\"16.91\" y=\"4.2\" width=\"2.97\" height=\"0.99\" transform=\"translate(2.07 14.38) rotate(-45)\"\/>\n  <path class=\"a5605ee6-ab90-4d35-98aa-79cb97243608\" d=\"M22.29,18.39H.5L0,17.9V14.7l.5-.5H22.29l.5.5v3.2ZM1,17.4H21.8V15.19H1Z\"\/>\n  <rect class=\"a5605ee6-ab90-4d35-98aa-79cb97243608\" x=\"-0.23\" y=\"16.1\" width=\"4.46\" height=\"0.5\" transform=\"translate(-10.82 6) rotate(-44.12)\"\/>\n  <rect class=\"a5605ee6-ab90-4d35-98aa-79cb97243608\" x=\"2.47\" y=\"16.1\" width=\"4.46\" height=\"0.5\" transform=\"translate(-10.05 7.88) rotate(-44.12)\"\/>\n  <rect class=\"a5605ee6-ab90-4d35-98aa-79cb97243608\" x=\"5.17\" y=\"16.1\" width=\"4.46\" height=\"0.5\" transform=\"translate(-9.29 9.76) rotate(-44.12)\"\/>\n  <rect class=\"a5605ee6-ab90-4d35-98aa-79cb97243608\" x=\"7.85\" y=\"16.1\" width=\"4.38\" height=\"0.49\" transform=\"translate(-8.62 11.89) rotate(-45)\"\/>\n  <rect class=\"a5605ee6-ab90-4d35-98aa-79cb97243608\" x=\"10.55\" y=\"16.1\" width=\"4.38\" height=\"0.49\" transform=\"translate(-7.83 13.8) rotate(-45)\"\/>\n  <rect class=\"a5605ee6-ab90-4d35-98aa-79cb97243608\" x=\"13.17\" y=\"16.1\" width=\"4.46\" height=\"0.49\" transform=\"translate(-7.03 15.3) rotate(-44.04)\"\/>\n  <rect class=\"a5605ee6-ab90-4d35-98aa-79cb97243608\" x=\"15.87\" y=\"16.1\" width=\"4.46\" height=\"0.49\" transform=\"translate(-6.28 17.17) rotate(-44.04)\"\/>\n  <rect class=\"a5605ee6-ab90-4d35-98aa-79cb97243608\" x=\"18.57\" y=\"16.1\" width=\"4.46\" height=\"0.49\" transform=\"translate(-5.52 19.05) rotate(-44.04)\"\/>\n<\/svg>\n\n                                                <\/span>\n                                                                                    <\/div>\n                                        <div class=\"accordion-content\">\n                                            <div class=\"inner\">\n                                                <p><strong>L\u00e9pjen \u00faj talajra: Pflegefrei Parkett.<\/strong><\/p>\n<p>A karbantart\u00e1smentes parkett\u00e1nk m\u00e9ly p\u00f3rust\u00f6m\u00edt\u0151 t\u00f6bbr\u00e9teg\u0171 speci\u00e1lis bevonata megszabad\u00edtja \u00d6nt a f\u00e1raszt\u00f3 tiszt\u00edt\u00e1si ritu\u00e1l\u00e9kt\u00f3l. \u00cdgy id\u0151t \u00e9s p\u00e9nzt takar\u00edt meg, mik\u00f6zben padl\u00f3ja tart\u00f3san sz\u00e9p marad.<\/p>\n<p><span style=\"color: #faba00;\"><strong>Intelligens jellemz\u0151k:<\/strong><\/span><\/p>\n<ul>\n<li>k\u00fcl\u00f6n\u00f6sen strapab\u00edr\u00f3<\/li>\n<li>rendk\u00edv\u00fcl karc\u00e1ll\u00f3 \u00e9s vegyszer\u00e1ll\u00f3<\/li>\n<li>v\u00e9delem a por- \u00e9s szennyez\u0151d\u00e9s lerak\u00f3d\u00e1sa ellen<\/li>\n<\/ul>\n\n                                            <\/div>\n                                        <\/div>\n                                    <\/div>\n                                                                    <div class=\"accordion-item \">\n                                        <div class=\"accordion-title\">\n\n                                            <span class=\"arrow\">\n                                                <svg id=\"a1002fbd-a394-45ff-8fcc-faebdf3cb4d7\" data-name=\"Ebene 1\" xmlns=\"http:\/\/www.w3.org\/2000\/svg\" viewBox=\"0 0 9.91 6\">\n  <defs>\n    <style>\n      .b970d340-44e2-4a56-971a-4fb0b39108ab {\n        fill: #281212;\n      }\n    <\/style>\n  <\/defs>\n  <path class=\"b970d340-44e2-4a56-971a-4fb0b39108ab\" d=\"M.56,1.39,1.73.26,5.51,4,9.3.26l1.16,1.13-5,4.87Z\" transform=\"translate(-0.56 -0.26)\"\/>\n<\/svg>\n                                            <\/span>\n\n                                            <span class=\"title\">Gesund-Parkett<\/span>\n\n                                                                                                                                        <span class=\"svg\">\n                                                                                                        <svg id=\"ece80522-0d36-46b9-af29-d3e0ddba6e43\" data-name=\"Ebene 1\" xmlns=\"http:\/\/www.w3.org\/2000\/svg\" viewBox=\"0 0 22.79 20.27\">\n  <defs>\n    <style>\n      .e2fafd64-c4a2-49e0-948e-80e1dbc582b4 {\n        fill: #281212;\n      }\n\n      .a7eae703-8a83-49b9-bdfb-888c6dcb629a {\n        fill: #fff;\n      }\n    <\/style>\n  <\/defs>\n  <path class=\"e2fafd64-c4a2-49e0-948e-80e1dbc582b4\" d=\"M16.75,14a2.09,2.09,0,0,1-.43,0,2.76,2.76,0,0,1-1.92-1.83,2.5,2.5,0,0,1-1.23-2,2.7,2.7,0,0,1,1.36-2.19h0A7.12,7.12,0,0,1,16.83,7,7,7,0,0,0,19.41,5.9l.74.2a7.51,7.51,0,0,1-1,6.73A3.55,3.55,0,0,1,16.75,14ZM15.07,8.71a1.8,1.8,0,0,0-.91,1.37,1.76,1.76,0,0,0,.91,1.31l.19.23c.32.8.74,1.26,1.26,1.36a2.38,2.38,0,0,0,1.93-.83,6.8,6.8,0,0,0,1-5.09,9,9,0,0,1-2.37.88,6.43,6.43,0,0,0-2,.77Z\" transform=\"translate(-0.7 -1.03)\"\/>\n  <path class=\"e2fafd64-c4a2-49e0-948e-80e1dbc582b4\" d=\"M7.63,12.2a4.54,4.54,0,0,1-3.11-1.89C3,8.47,2.34,3.79,3.76,1.16L4.53,1A8.13,8.13,0,0,0,8.18,2.79a5.76,5.76,0,0,1,3.2,1.69A3.75,3.75,0,0,1,12.54,7.7a3.67,3.67,0,0,1-2.26,2.37A3.23,3.23,0,0,1,8,12.18Zm-3.24-10c-.86,2.31-.3,6.05.89,7.5A3.27,3.27,0,0,0,7.82,11.2c.62-.09,1.17-.66,1.63-1.7l.25-.25c1.09-.5,1.73-1.09,1.87-1.76a3,3,0,0,0-.94-2.37h0a4.85,4.85,0,0,0-2.7-1.37A9.77,9.77,0,0,1,4.39,2.19Z\" transform=\"translate(-0.7 -1.03)\"\/>\n  <path class=\"e2fafd64-c4a2-49e0-948e-80e1dbc582b4\" d=\"M12.86,16.67l-.95-.11A19.15,19.15,0,0,0,6.27,6l.66-.74a19.53,19.53,0,0,1,5.64,9.62c.82-1.71,2.38-4.43,4.51-5.49l.44.88C14.73,11.64,12.88,16.62,12.86,16.67Z\" transform=\"translate(-0.7 -1.03)\"\/>\n  <rect class=\"a7eae703-8a83-49b9-bdfb-888c6dcb629a\" x=\"9.2\" y=\"14.78\" width=\"5.7\" height=\"0.99\"\/>\n  <path class=\"e2fafd64-c4a2-49e0-948e-80e1dbc582b4\" d=\"M23,21.29H1.2L.7,20.8V17.6l.5-.49H23l.49.49v3.2Zm-21.31-1H22.5V18.1H1.69Z\" transform=\"translate(-0.7 -1.03)\"\/>\n  <rect class=\"e2fafd64-c4a2-49e0-948e-80e1dbc582b4\" x=\"0.44\" y=\"18.95\" width=\"4.53\" height=\"0.49\" transform=\"translate(-13.49 6.5) rotate(-45)\"\/>\n  <rect class=\"e2fafd64-c4a2-49e0-948e-80e1dbc582b4\" x=\"3.14\" y=\"18.95\" width=\"4.53\" height=\"0.49\" transform=\"translate(-12.7 8.41) rotate(-45)\"\/>\n  <rect class=\"e2fafd64-c4a2-49e0-948e-80e1dbc582b4\" x=\"5.84\" y=\"18.95\" width=\"4.53\" height=\"0.49\" transform=\"translate(-11.91 10.32) rotate(-45)\"\/>\n  <polygon class=\"e2fafd64-c4a2-49e0-948e-80e1dbc582b4\" points=\"8.67 19.94 8.32 19.6 11.42 16.4 11.77 16.74 8.67 19.94\"\/>\n  <rect class=\"e2fafd64-c4a2-49e0-948e-80e1dbc582b4\" x=\"11.22\" y=\"18.95\" width=\"4.45\" height=\"0.49\" transform=\"translate(-10.41 14.49) rotate(-45.96)\"\/>\n  <rect class=\"e2fafd64-c4a2-49e0-948e-80e1dbc582b4\" x=\"13.84\" y=\"18.95\" width=\"4.53\" height=\"0.49\" transform=\"translate(-9.56 15.98) rotate(-45)\"\/>\n  <rect class=\"e2fafd64-c4a2-49e0-948e-80e1dbc582b4\" x=\"16.54\" y=\"18.95\" width=\"4.53\" height=\"0.49\" transform=\"translate(-8.77 17.89) rotate(-45)\"\/>\n  <rect class=\"e2fafd64-c4a2-49e0-948e-80e1dbc582b4\" x=\"19.24\" y=\"18.95\" width=\"4.53\" height=\"0.49\" transform=\"translate(-7.98 19.8) rotate(-45)\"\/>\n<\/svg>\n\n                                                <\/span>\n                                                                                    <\/div>\n                                        <div class=\"accordion-content\">\n                                            <div class=\"inner\">\n                                                <p><strong>A j\u00f3 k\u00f6z\u00e9rzet alapja: az Gesund-Parkett.<\/strong><\/p>\n<p>Az eg\u00e9szs\u00e9g\u00fcgyi parkett\u00e1nk optim\u00e1lis k\u00f6z\u00e9rzetet biztos\u00edt \u2013 allergiabar\u00e1t, antibakteri\u00e1lis, antisztatikus \u00e9s l\u00e9g\u00e1tereszt\u0151. Sem a por, sem a szennyez\u0151d\u00e9s nem tud megtelepedni rajta, \u00e9s az atk\u00e1k sem tal\u00e1lnak benne \u00e9l\u0151helyet.<\/p>\n<p><span style=\"color: #faba00;\"><strong>Intelligens jellemz\u0151k:<\/strong><\/span><\/p>\n<ul>\n<li>kiv\u00e1l\u00f3 l\u00e9g\u00e1tereszt\u00e9s<\/li>\n<li>r\u00e9szlegesen fel\u00faj\u00edthat\u00f3<\/li>\n<\/ul>\n\n                                            <\/div>\n                                        <\/div>\n                                    <\/div>\n                                                            <\/div>\n\n                            <div class=\"slick-progress-wrapper style-\">\n    <div class=\"progress-bar\">\n        <div class=\"bar\"><\/div>\n    <\/div>\n<\/div>\n                                                    <\/div>\n                        <div class=\"slider-wrapper\">\n                            <h6 class=\"block lg:hidden\">Innovat\u00edv 1831 \u00f3ta.<\/h6>                            <div class=\"slider\">\n                                                                                                                                                                                                                    \n                                    <div class=\"slide\" style=\"background-image: url(https:\/\/www.weitzer-waermeparkett.com\/wp-content\/uploads\/2023\/04\/wwp-parkett-koll-1956x1196px-900x708-c-center.jpg);\">\n                                        <picture>\n                                            <source srcset=\"https:\/\/www.weitzer-waermeparkett.com\/wp-content\/uploads\/2023\/04\/wwp-parkett-koll-1956x1196px-854x690-c-center.jpg 1x\" media=\"(min-width: 1024px)\"\/>\n                                            <source srcset=\"https:\/\/www.weitzer-waermeparkett.com\/wp-content\/uploads\/2023\/04\/wwp-parkett-koll-1956x1196px-854x690-c-center.jpg 1x\" media=\"(min-width: 768px)\"\/>\n                                            <source srcset=\"https:\/\/www.weitzer-waermeparkett.com\/wp-content\/uploads\/2023\/04\/wwp-parkett-koll-1956x1196px-900x708-c-center.jpg 1x\" media=\"(max-width: 767px)\"\/>\n                                            <img decoding=\"async\" src=\"https:\/\/www.weitzer-waermeparkett.com\/wp-content\/uploads\/2023\/04\/wwp-parkett-koll-1956x1196px-900x708-c-center.jpg\" alt=\"\" title=\"WWP_Parkett-Koll_1956x1196px\"\/>\n                                        <\/picture>\n                                    <\/div>\n                                                                                                                                                                                                                    \n                                    <div class=\"slide\" style=\"background-image: url(https:\/\/www.weitzer-waermeparkett.com\/wp-content\/uploads\/2022\/11\/8-weitzer-parkett0072-01-900x708-c-center.jpg);\">\n                                        <picture>\n                                            <source srcset=\"https:\/\/www.weitzer-waermeparkett.com\/wp-content\/uploads\/2022\/11\/8-weitzer-parkett0072-01-854x690-c-center.jpg 1x\" media=\"(min-width: 1024px)\"\/>\n                                            <source srcset=\"https:\/\/www.weitzer-waermeparkett.com\/wp-content\/uploads\/2022\/11\/8-weitzer-parkett0072-01-854x690-c-center.jpg 1x\" media=\"(min-width: 768px)\"\/>\n                                            <source srcset=\"https:\/\/www.weitzer-waermeparkett.com\/wp-content\/uploads\/2022\/11\/8-weitzer-parkett0072-01-900x708-c-center.jpg 1x\" media=\"(max-width: 767px)\"\/>\n                                            <img decoding=\"async\" src=\"https:\/\/www.weitzer-waermeparkett.com\/wp-content\/uploads\/2022\/11\/8-weitzer-parkett0072-01-900x708-c-center.jpg\" alt=\"\" title=\"8-Weitzer_Parkett0072_01\"\/>\n                                        <\/picture>\n                                    <\/div>\n                                                            <\/div>\n                            <div class=\"slick-step-wrapper yellow\">\n    <div class=\"desktop\">\n        <div class=\"circle\" data-pct=\"0\">\n                                    <svg xmlns=\"http:\/\/www.w3.org\/2000\/svg\" class=\"circle-svg\" viewBox=\"0 0 65.5 65.5\">\n                <path d=\"M32.75,65.5A32.75,32.75,0,1,1,65.5,32.75,32.79,32.79,0,0,1,32.75,65.5Zm0-64A31.25,31.25,0,1,0,64,32.75,31.29,31.29,0,0,0,32.75,1.5Z\"\/>\n                <circle cx=\"32.75\" cy=\"32.75\" r=\"32\" fill=\"transparent\" stroke-dasharray=\"205.77\" stroke-dashoffset=\"0\"><\/circle>\n                <circle class=\"bar\" cx=\"32.75\" cy=\"32.75\" r=\"32\" fill=\"transparent\" stroke-dasharray=\"205.77\" stroke-dashoffset=\"0\"><\/circle>\n                            <\/svg>\n            <a href=\"#\" class=\"slick-next\">\n                <svg id=\"fb1c3dd2-8659-4209-bced-0b119dd1da42\" data-name=\"Ebene 1\" xmlns=\"http:\/\/www.w3.org\/2000\/svg\" viewBox=\"0 0 17.83 34.35\">\n  <defs>\n    <style>\n      .feece71a-b6e7-4ca8-a42e-8ee5c5fe48a3 {\n        fill: #d4ced2;\n      }\n    <\/style>\n  <\/defs>\n  <polygon class=\"feece71a-b6e7-4ca8-a42e-8ee5c5fe48a3\" points=\"1.07 34.35 0 33.3 15.74 17.18 0 1.05 1.07 0 17.83 17.18 1.07 34.35\"\/>\n<\/svg>\n            <\/a>\n        <\/div>\n        <div class=\"steps\">\n            <span class=\"of\">1<\/span>\/<span class=\"total\"><\/span>\n        <\/div>\n    <\/div>\n\n    <div class=\"mobile\">\n            <\/div>\n<\/div>                        <\/div>\n                    <\/div>\n                <\/div>\n\n                \n            <\/div>\n            <\/div>\n\n<div id=\"ep-block-spacer-block_5a6860387b30bdafef605dbe17886501\" class=\"ep-block-spacer ep-block  chosen-\">\n            <div class=\"show-frontend\">\n                        <style>\n                #ep-spacer-FIB6j {\n                    height: 50px;\n                }\n                @media (max-width: 767px) {\n                    #ep-spacer-FIB6j {\n                        height: 30px;\n                    }\n                }\n                @media (min-width: 768px) and (max-width: 1023px) {\n                    #ep-spacer-FIB6j {\n                        height: 30px;\n                    }\n                }\n            <\/style>\n            <div id=\"ep-spacer-FIB6j\"><\/div>\n        <\/div>\n    <\/div>\n\n<div id=\"ep-block-spacer-block_57fc5d0f78a7232407ea07f14687a1d6\" class=\"ep-block-spacer ep-block  chosen-bg-theme-beige\">\n            <div class=\"show-frontend\">\n                        <style>\n                #ep-spacer-32kws {\n                    height: 50px;\n                }\n                @media (max-width: 767px) {\n                    #ep-spacer-32kws {\n                        height: 30px;\n                    }\n                }\n                @media (min-width: 768px) and (max-width: 1023px) {\n                    #ep-spacer-32kws {\n                        height: 30px;\n                    }\n                }\n            <\/style>\n            <div id=\"ep-spacer-32kws\"><\/div>\n        <\/div>\n    <\/div>\n\n<div id=\"ep-block-wysiwyg-block_094ad5efcfed8dbedb1f46d6111c1509\" class=\"ep-block-wysiwyg ep-block  chosen-bg-theme-beige\">\n                        <div class=\"show-frontend\">\n                <div class=\"inner\">\n                    <div class=\"holder\"><h2>Fedezze fel t\u00f6m\u00f6rfa padl\u00f3lapjainkat:<\/h2>\n<\/div>\n                <\/div>\n            <\/div>\n            <\/div>\n\n<div id=\"ep-block-products-new-block_1001d0e4918a425d1ff17743d5679cd4\" class=\"ep-block-products-new ep-block  chosen-bg-theme-beige\">\n                        <div class=\"show-frontend\">\n                <div class=\"products\">\n                                            <div class=\"product\">\n                            <div class=\"inner\">\n                                <div class=\"image-wrapper\">\n                                                                                                                                                                                                                                                            \n                                    <picture class=\"image\">\n                                        <source srcset=\"https:\/\/www.weitzer-waermeparkett.com\/wp-content\/uploads\/2024\/01\/weitzer-diele-2245-eiche-amber-lebhaft-bunt-classics-500x500-c-default.jpg 1x,  2x\" media=\"(min-width: 1024px)\"\/>\n                                        <source srcset=\"https:\/\/www.weitzer-waermeparkett.com\/wp-content\/uploads\/2024\/01\/weitzer-diele-2245-eiche-amber-lebhaft-bunt-classics-500x500-c-default.jpg 1x,  2x\" media=\"(min-width: 768px)\"\/>\n                                        <source srcset=\"https:\/\/www.weitzer-waermeparkett.com\/wp-content\/uploads\/2024\/01\/weitzer-diele-2245-eiche-amber-lebhaft-bunt-classics-500x500-c-default.jpg 1x,  2x\" media=\"(min-width: 768px)\"\/>\n                                        <img decoding=\"async\" src=\"https:\/\/www.weitzer-waermeparkett.com\/wp-content\/uploads\/2024\/01\/weitzer-diele-2245-eiche-amber-lebhaft-bunt-classics-500x500-c-default.jpg\" title=\"Weitzer-Diele-2245_Eiche__Amber_lebhaft-bunt_classicS\" alt=\"\"\/>\n                                    <\/picture>\n                                <\/div>\n                                <div class=\"text-wrapper\">\n\n                                                                            <h2>Eiche Amber<\/h2>\n                                                                                                                <h3>\n\n                                                                                            enyh\u00e9n g\u00f6cs\u00f6s,\n                                            \n                                                                                            f\u00f3zolt, enyh\u00e9n strukt\u00far\u00e1lt\n                                                                                    <\/h3>\n                                    \n                                    \n                                    <div class=\"icon-facts\">\n                                        <div class=\"facts\">\n\n                                                                                            <h4>\n                                                    Weitzer Diele 2245                                                <\/h4>\n                                            \n                                                                                            <div class=\"type \">3 r\u00e9teg\u0171 parketta<\/div>\n                                            \n                                                                                            <div class=\"dimension\">M\u00e9retek 2245 x 193 x 13 mm<\/div>\n                                                                                    <\/div>\n                                        <div class=\"icons\">\n                                                                                                                                                <div class=\"icon\">\n                                                        <span><img decoding=\"async\" src=\"https:\/\/www.weitzer-waermeparkett.com\/wp-content\/themes\/waermeparkett-theme-2022\/assets\/images\/svgs\/oberflaechen\/proactive.svg\"><\/span>\n                                                    <\/div>\n                                                \n                                                                                                                                   <\/div>\n                                    <\/div>\n\n                                                                            <div class=\"icon-price\">\n\n                                        <div class=\"price-addon\">\n                                            \n                                            \n                                            brutt\u00f3 \u20ac \/ m<sup>2<\/sup>\n\n\n                                        <\/div>\n\n                                                                                                                                                                                                                                                        <div class=\"price\">\n                                                <div class=\"holder\">\n                                                    <div class=\"new\">228,50<\/div>\n                                                                                                    <\/div>\n                                            <\/div>\n                                                                            <\/div>\n                                    \n                                <\/div>\n                            <\/div>\n                        <\/div>\n                                            <div class=\"product\">\n                            <div class=\"inner\">\n                                <div class=\"image-wrapper\">\n                                                                                                                                                                                                                                                            \n                                    <picture class=\"image\">\n                                        <source srcset=\"https:\/\/www.weitzer-waermeparkett.com\/wp-content\/uploads\/2024\/01\/weitzer-diele-2245-eiche-lebhaft-500x500-c-default.jpg 1x,  2x\" media=\"(min-width: 1024px)\"\/>\n                                        <source srcset=\"https:\/\/www.weitzer-waermeparkett.com\/wp-content\/uploads\/2024\/01\/weitzer-diele-2245-eiche-lebhaft-500x500-c-default.jpg 1x,  2x\" media=\"(min-width: 768px)\"\/>\n                                        <source srcset=\"https:\/\/www.weitzer-waermeparkett.com\/wp-content\/uploads\/2024\/01\/weitzer-diele-2245-eiche-lebhaft-500x500-c-default.jpg 1x,  2x\" media=\"(min-width: 768px)\"\/>\n                                        <img decoding=\"async\" src=\"https:\/\/www.weitzer-waermeparkett.com\/wp-content\/uploads\/2024\/01\/weitzer-diele-2245-eiche-lebhaft-500x500-c-default.jpg\" title=\"Weitzer-Diele-2245_Eiche_lebhaft\" alt=\"\"\/>\n                                    <\/picture>\n                                <\/div>\n                                <div class=\"text-wrapper\">\n\n                                                                            <h2>Eiche<\/h2>\n                                                                                                                <h3>\n\n                                                                                            ehyn\u00e9n g\u00f6cs\u00f6s,\n                                            \n                                                                                            f\u00f3zolt, enyh\u00e9n strukt\u00far\u00e1lt\n                                                                                    <\/h3>\n                                    \n                                    \n                                    <div class=\"icon-facts\">\n                                        <div class=\"facts\">\n\n                                                                                            <h4>\n                                                    Weitzer Diele 2245                                                <\/h4>\n                                            \n                                                                                            <div class=\"type \">3 r\u00e9teg\u0171 parketta<\/div>\n                                            \n                                                                                            <div class=\"dimension\">M\u00e9retek 2245 x 193 x 13 mm<\/div>\n                                                                                    <\/div>\n                                        <div class=\"icons\">\n                                                                                                                                                <div class=\"icon\">\n                                                        <span><img decoding=\"async\" src=\"https:\/\/www.weitzer-waermeparkett.com\/wp-content\/themes\/waermeparkett-theme-2022\/assets\/images\/svgs\/oberflaechen\/proactive.svg\"><\/span>\n                                                    <\/div>\n                                                \n                                                                                                                                   <\/div>\n                                    <\/div>\n\n                                                                            <div class=\"icon-price\">\n\n                                        <div class=\"price-addon\">\n                                            \n                                            \n                                            brutt\u00f3 \u20ac \/ m<sup>2<\/sup>\n\n\n                                        <\/div>\n\n                                                                                                                                                                                                                                                        <div class=\"price\">\n                                                <div class=\"holder\">\n                                                    <div class=\"new\">257,60<\/div>\n                                                                                                    <\/div>\n                                            <\/div>\n                                                                            <\/div>\n                                    \n                                <\/div>\n                            <\/div>\n                        <\/div>\n                                            <div class=\"product\">\n                            <div class=\"inner\">\n                                <div class=\"image-wrapper\">\n                                                                                                                                                                                                                                                            \n                                    <picture class=\"image\">\n                                        <source srcset=\"https:\/\/www.weitzer-waermeparkett.com\/wp-content\/uploads\/2024\/01\/weitzer-diele-2245-eiche-lebhaft-500x500-c-default.jpg 1x,  2x\" media=\"(min-width: 1024px)\"\/>\n                                        <source srcset=\"https:\/\/www.weitzer-waermeparkett.com\/wp-content\/uploads\/2024\/01\/weitzer-diele-2245-eiche-lebhaft-500x500-c-default.jpg 1x,  2x\" media=\"(min-width: 768px)\"\/>\n                                        <source srcset=\"https:\/\/www.weitzer-waermeparkett.com\/wp-content\/uploads\/2024\/01\/weitzer-diele-2245-eiche-lebhaft-500x500-c-default.jpg 1x,  2x\" media=\"(min-width: 768px)\"\/>\n                                        <img decoding=\"async\" src=\"https:\/\/www.weitzer-waermeparkett.com\/wp-content\/uploads\/2024\/01\/weitzer-diele-2245-eiche-lebhaft-500x500-c-default.jpg\" title=\"Weitzer-Diele-2245_Eiche_lebhaft\" alt=\"\"\/>\n                                    <\/picture>\n                                <\/div>\n                                <div class=\"text-wrapper\">\n\n                                                                            <h2>Eiche<\/h2>\n                                                                                                                <h3>\n\n                                                                                            ehyn\u00e9n g\u00f6cs\u00f6s,\n                                            \n                                                                                            f\u00f3zolt, enyh\u00e9n strukt\u00far\u00e1lt\n                                                                                    <\/h3>\n                                    \n                                    \n                                    <div class=\"icon-facts\">\n                                        <div class=\"facts\">\n\n                                                                                            <h4>\n                                                    Weitzer Diele 2245                                                <\/h4>\n                                            \n                                                                                            <div class=\"type \">3 r\u00e9teg\u0171 parketta<\/div>\n                                            \n                                                                                            <div class=\"dimension\">M\u00e9retek 2245 x 193 x 13 mm<\/div>\n                                                                                    <\/div>\n                                        <div class=\"icons\">\n                                                                                                                                                <div class=\"icon\">\n                                                        <span><img decoding=\"async\" src=\"https:\/\/www.weitzer-waermeparkett.com\/wp-content\/themes\/waermeparkett-theme-2022\/assets\/images\/svgs\/oberflaechen\/provital.svg\"><\/span>\n                                                    <\/div>\n                                                \n                                                                                                                                   <\/div>\n                                    <\/div>\n\n                                                                            <div class=\"icon-price\">\n\n                                        <div class=\"price-addon\">\n                                            \n                                            \n                                            brutt\u00f3 \u20ac \/ m<sup>2<\/sup>\n\n\n                                        <\/div>\n\n                                                                                                                                                                                                                                                        <div class=\"price\">\n                                                <div class=\"holder\">\n                                                    <div class=\"new\">259,60<\/div>\n                                                                                                    <\/div>\n                                            <\/div>\n                                                                            <\/div>\n                                    \n                                <\/div>\n                            <\/div>\n                        <\/div>\n                                            <div class=\"product\">\n                            <div class=\"inner\">\n                                <div class=\"image-wrapper\">\n                                                                                                                                                                                                                                                            \n                                    <picture class=\"image\">\n                                        <source srcset=\"https:\/\/www.weitzer-waermeparkett.com\/wp-content\/uploads\/2024\/01\/weitzer-diele-2245-eiche-wild-500x500-c-default.jpg 1x,  2x\" media=\"(min-width: 1024px)\"\/>\n                                        <source srcset=\"https:\/\/www.weitzer-waermeparkett.com\/wp-content\/uploads\/2024\/01\/weitzer-diele-2245-eiche-wild-500x500-c-default.jpg 1x,  2x\" media=\"(min-width: 768px)\"\/>\n                                        <source srcset=\"https:\/\/www.weitzer-waermeparkett.com\/wp-content\/uploads\/2024\/01\/weitzer-diele-2245-eiche-wild-500x500-c-default.jpg 1x,  2x\" media=\"(min-width: 768px)\"\/>\n                                        <img decoding=\"async\" src=\"https:\/\/www.weitzer-waermeparkett.com\/wp-content\/uploads\/2024\/01\/weitzer-diele-2245-eiche-wild-500x500-c-default.jpg\" title=\"Weitzer-Diele-2245_Eiche_wild\" alt=\"\"\/>\n                                    <\/picture>\n                                <\/div>\n                                <div class=\"text-wrapper\">\n\n                                                                            <h2>Eiche<\/h2>\n                                                                                                                <h3>\n\n                                                                                            rusztikus,\n                                            \n                                                                                            f\u00f3zolt, enyh\u00e9n strukt\u00far\u00e1lt\n                                                                                    <\/h3>\n                                    \n                                    \n                                    <div class=\"icon-facts\">\n                                        <div class=\"facts\">\n\n                                                                                            <h4>\n                                                    Weitzer Diele 2245                                                <\/h4>\n                                            \n                                                                                            <div class=\"type \">3 r\u00e9teg\u0171 parketta<\/div>\n                                            \n                                                                                            <div class=\"dimension\">M\u00e9retek 2245 x 193 x 13 mm<\/div>\n                                                                                    <\/div>\n                                        <div class=\"icons\">\n                                                                                                                                                <div class=\"icon\">\n                                                        <span><img decoding=\"async\" src=\"https:\/\/www.weitzer-waermeparkett.com\/wp-content\/themes\/waermeparkett-theme-2022\/assets\/images\/svgs\/oberflaechen\/proactive.svg\"><\/span>\n                                                    <\/div>\n                                                \n                                                                                                                                   <\/div>\n                                    <\/div>\n\n                                                                            <div class=\"icon-price\">\n\n                                        <div class=\"price-addon\">\n                                            \n                                            \n                                            brutt\u00f3 \u20ac \/ m<sup>2<\/sup>\n\n\n                                        <\/div>\n\n                                                                                                                                                                                                                                                        <div class=\"price\">\n                                                <div class=\"holder\">\n                                                    <div class=\"new\">226,40<\/div>\n                                                                                                    <\/div>\n                                            <\/div>\n                                                                            <\/div>\n                                    \n                                <\/div>\n                            <\/div>\n                        <\/div>\n                                            <div class=\"product\">\n                            <div class=\"inner\">\n                                <div class=\"image-wrapper\">\n                                                                                                                                                                                                                                                            \n                                    <picture class=\"image\">\n                                        <source srcset=\"https:\/\/www.weitzer-waermeparkett.com\/wp-content\/uploads\/2024\/01\/weitzer-diele-2245-eiche-wild-500x500-c-default.jpg 1x,  2x\" media=\"(min-width: 1024px)\"\/>\n                                        <source srcset=\"https:\/\/www.weitzer-waermeparkett.com\/wp-content\/uploads\/2024\/01\/weitzer-diele-2245-eiche-wild-500x500-c-default.jpg 1x,  2x\" media=\"(min-width: 768px)\"\/>\n                                        <source srcset=\"https:\/\/www.weitzer-waermeparkett.com\/wp-content\/uploads\/2024\/01\/weitzer-diele-2245-eiche-wild-500x500-c-default.jpg 1x,  2x\" media=\"(min-width: 768px)\"\/>\n                                        <img decoding=\"async\" src=\"https:\/\/www.weitzer-waermeparkett.com\/wp-content\/uploads\/2024\/01\/weitzer-diele-2245-eiche-wild-500x500-c-default.jpg\" title=\"Weitzer-Diele-2245_Eiche_wild\" alt=\"\"\/>\n                                    <\/picture>\n                                <\/div>\n                                <div class=\"text-wrapper\">\n\n                                                                            <h2>Eiche<\/h2>\n                                                                                                                <h3>\n\n                                                                                            rusztikus,\n                                            \n                                                                                            f\u00f3zolt, enyh\u00e9n strukt\u00far\u00e1lt\n                                                                                    <\/h3>\n                                    \n                                    \n                                    <div class=\"icon-facts\">\n                                        <div class=\"facts\">\n\n                                                                                            <h4>\n                                                    Weitzer Diele 2245                                                <\/h4>\n                                            \n                                                                                            <div class=\"type \">3 r\u00e9teg\u0171 parketta<\/div>\n                                            \n                                                                                            <div class=\"dimension\">M\u00e9retek 2245 x 193 x 13 mm<\/div>\n                                                                                    <\/div>\n                                        <div class=\"icons\">\n                                                                                                                                                <div class=\"icon\">\n                                                        <span><img decoding=\"async\" src=\"https:\/\/www.weitzer-waermeparkett.com\/wp-content\/themes\/waermeparkett-theme-2022\/assets\/images\/svgs\/oberflaechen\/provital.svg\"><\/span>\n                                                    <\/div>\n                                                \n                                                                                                                                   <\/div>\n                                    <\/div>\n\n                                                                            <div class=\"icon-price\">\n\n                                        <div class=\"price-addon\">\n                                            \n                                            \n                                            brutt\u00f3 \u20ac \/ m<sup>2<\/sup>\n\n\n                                        <\/div>\n\n                                                                                                                                                                                                                                                        <div class=\"price\">\n                                                <div class=\"holder\">\n                                                    <div class=\"new\">228,50<\/div>\n                                                                                                    <\/div>\n                                            <\/div>\n                                                                            <\/div>\n                                    \n                                <\/div>\n                            <\/div>\n                        <\/div>\n                                            <div class=\"product\">\n                            <div class=\"inner\">\n                                <div class=\"image-wrapper\">\n                                                                                                                                                                                                                                                            \n                                    <picture class=\"image\">\n                                        <source srcset=\"https:\/\/www.weitzer-waermeparkett.com\/wp-content\/uploads\/2024\/01\/weitzer-diele-2245-eiche-auster-wild-500x500-c-default.jpg 1x,  2x\" media=\"(min-width: 1024px)\"\/>\n                                        <source srcset=\"https:\/\/www.weitzer-waermeparkett.com\/wp-content\/uploads\/2024\/01\/weitzer-diele-2245-eiche-auster-wild-500x500-c-default.jpg 1x,  2x\" media=\"(min-width: 768px)\"\/>\n                                        <source srcset=\"https:\/\/www.weitzer-waermeparkett.com\/wp-content\/uploads\/2024\/01\/weitzer-diele-2245-eiche-auster-wild-500x500-c-default.jpg 1x,  2x\" media=\"(min-width: 768px)\"\/>\n                                        <img decoding=\"async\" src=\"https:\/\/www.weitzer-waermeparkett.com\/wp-content\/uploads\/2024\/01\/weitzer-diele-2245-eiche-auster-wild-500x500-c-default.jpg\" title=\"Weitzer-Diele-2245_Eiche_Auster_wild\" alt=\"\"\/>\n                                    <\/picture>\n                                <\/div>\n                                <div class=\"text-wrapper\">\n\n                                                                            <h2>Eiche Auster<\/h2>\n                                                                                                                <h3>\n\n                                                                                            rusztikus,\n                                            \n                                                                                            f\u00f3zolt, enyh\u00e9n strukt\u00far\u00e1lt\n                                                                                    <\/h3>\n                                    \n                                    \n                                    <div class=\"icon-facts\">\n                                        <div class=\"facts\">\n\n                                                                                            <h4>\n                                                    Weitzer Diele 2245                                                <\/h4>\n                                            \n                                                                                            <div class=\"type \">3 r\u00e9teg\u0171 parketta<\/div>\n                                            \n                                                                                            <div class=\"dimension\">M\u00e9retek 2245 x 193 x 13 mm<\/div>\n                                                                                    <\/div>\n                                        <div class=\"icons\">\n                                                                                                                                                <div class=\"icon\">\n                                                        <span><img decoding=\"async\" src=\"https:\/\/www.weitzer-waermeparkett.com\/wp-content\/themes\/waermeparkett-theme-2022\/assets\/images\/svgs\/oberflaechen\/proactive.svg\"><\/span>\n                                                    <\/div>\n                                                \n                                                                                                                                   <\/div>\n                                    <\/div>\n\n                                                                            <div class=\"icon-price\">\n\n                                        <div class=\"price-addon\">\n                                            \n                                            \n                                            brutt\u00f3 \u20ac \/ m<sup>2<\/sup>\n\n\n                                        <\/div>\n\n                                                                                                                                                                                                                                                        <div class=\"price\">\n                                                <div class=\"holder\">\n                                                    <div class=\"new\">228,50<\/div>\n                                                                                                    <\/div>\n                                            <\/div>\n                                                                            <\/div>\n                                    \n                                <\/div>\n                            <\/div>\n                        <\/div>\n                                            <div class=\"product\">\n                            <div class=\"inner\">\n                                <div class=\"image-wrapper\">\n                                                                                                                                                                                                                                                            \n                                    <picture class=\"image\">\n                                        <source srcset=\"https:\/\/www.weitzer-waermeparkett.com\/wp-content\/uploads\/2024\/01\/weitzer-diele-2245-eiche-kaschmir-wild-500x500-c-default.jpg 1x,  2x\" media=\"(min-width: 1024px)\"\/>\n                                        <source srcset=\"https:\/\/www.weitzer-waermeparkett.com\/wp-content\/uploads\/2024\/01\/weitzer-diele-2245-eiche-kaschmir-wild-500x500-c-default.jpg 1x,  2x\" media=\"(min-width: 768px)\"\/>\n                                        <source srcset=\"https:\/\/www.weitzer-waermeparkett.com\/wp-content\/uploads\/2024\/01\/weitzer-diele-2245-eiche-kaschmir-wild-500x500-c-default.jpg 1x,  2x\" media=\"(min-width: 768px)\"\/>\n                                        <img decoding=\"async\" src=\"https:\/\/www.weitzer-waermeparkett.com\/wp-content\/uploads\/2024\/01\/weitzer-diele-2245-eiche-kaschmir-wild-500x500-c-default.jpg\" title=\"Weitzer-Diele-2245_Eiche_Kaschmir_wild\" alt=\"\"\/>\n                                    <\/picture>\n                                <\/div>\n                                <div class=\"text-wrapper\">\n\n                                                                            <h2>Eiche Kaschmir<\/h2>\n                                                                                                                <h3>\n\n                                                                                            rusztikus,\n                                            \n                                                                                            f\u00f3zolt, enyh\u00e9n strukt\u00far\u00e1lt\n                                                                                    <\/h3>\n                                    \n                                    \n                                    <div class=\"icon-facts\">\n                                        <div class=\"facts\">\n\n                                                                                            <h4>\n                                                    Weitzer Diele 2245                                                <\/h4>\n                                            \n                                                                                            <div class=\"type \">3 r\u00e9teg\u0171 parketta<\/div>\n                                            \n                                                                                            <div class=\"dimension\">M\u00e9retek 2245 x 193 x 13 mm<\/div>\n                                                                                    <\/div>\n                                        <div class=\"icons\">\n                                                                                    <\/div>\n                                    <\/div>\n\n                                                                            <div class=\"icon-price\">\n\n                                        <div class=\"price-addon\">\n                                            \n                                            \n                                            brutt\u00f3 \u20ac \/ m<sup>2<\/sup>\n\n\n                                        <\/div>\n\n                                                                                                                                                                                                                                                        <div class=\"price\">\n                                                <div class=\"holder\">\n                                                    <div class=\"new\">228,50<\/div>\n                                                                                                    <\/div>\n                                            <\/div>\n                                                                            <\/div>\n                                    \n                                <\/div>\n                            <\/div>\n                        <\/div>\n                                            <div class=\"product\">\n                            <div class=\"inner\">\n                                <div class=\"image-wrapper\">\n                                                                                                                                                                                                                                                            \n                                    <picture class=\"image\">\n                                        <source srcset=\"https:\/\/www.weitzer-waermeparkett.com\/wp-content\/uploads\/2024\/01\/weitzer-stab-500-eiche-lebhaft-bunt-classics-500x500-c-default.jpg 1x,  2x\" media=\"(min-width: 1024px)\"\/>\n                                        <source srcset=\"https:\/\/www.weitzer-waermeparkett.com\/wp-content\/uploads\/2024\/01\/weitzer-stab-500-eiche-lebhaft-bunt-classics-500x500-c-default.jpg 1x,  2x\" media=\"(min-width: 768px)\"\/>\n                                        <source srcset=\"https:\/\/www.weitzer-waermeparkett.com\/wp-content\/uploads\/2024\/01\/weitzer-stab-500-eiche-lebhaft-bunt-classics-500x500-c-default.jpg 1x,  2x\" media=\"(min-width: 768px)\"\/>\n                                        <img decoding=\"async\" src=\"https:\/\/www.weitzer-waermeparkett.com\/wp-content\/uploads\/2024\/01\/weitzer-stab-500-eiche-lebhaft-bunt-classics-500x500-c-default.jpg\" title=\"Weitzer-Stab-500_Eiche_lebhaft-bunt_classicS\" alt=\"\"\/>\n                                    <\/picture>\n                                <\/div>\n                                <div class=\"text-wrapper\">\n\n                                                                            <h2>Eiche<\/h2>\n                                                                                                                <h3>\n\n                                                                                            enyh\u00e9n g\u00f6cs\u00f6s,\n                                            \n                                                                                            enyh\u00e9n strukt\u00far\u00e1lt\n                                                                                    <\/h3>\n                                    \n                                    \n                                    <div class=\"icon-facts\">\n                                        <div class=\"facts\">\n\n                                                                                            <h4>\n                                                    Weitzer Stab 2245                                                <\/h4>\n                                            \n                                                                                            <div class=\"type \">3 r\u00e9teg\u0171 parketta<\/div>\n                                            \n                                                                                            <div class=\"dimension\">M\u00e9retek 2245 x 193 x 13 mm<\/div>\n                                                                                    <\/div>\n                                        <div class=\"icons\">\n                                                                                                                                                <div class=\"icon\">\n                                                        <span><img decoding=\"async\" src=\"https:\/\/www.weitzer-waermeparkett.com\/wp-content\/themes\/waermeparkett-theme-2022\/assets\/images\/svgs\/oberflaechen\/proactive.svg\"><\/span>\n                                                    <\/div>\n                                                \n                                                                                                                                   <\/div>\n                                    <\/div>\n\n                                                                            <div class=\"icon-price\">\n\n                                        <div class=\"price-addon\">\n                                            \n                                            \n                                            brutt\u00f3 \u20ac \/ m<sup>2<\/sup>\n\n\n                                        <\/div>\n\n                                                                                                                                                                                                                                                        <div class=\"price\">\n                                                <div class=\"holder\">\n                                                    <div class=\"new\">204,60<\/div>\n                                                                                                    <\/div>\n                                            <\/div>\n                                                                            <\/div>\n                                    \n                                <\/div>\n                            <\/div>\n                        <\/div>\n                                            <div class=\"product\">\n                            <div class=\"inner\">\n                                <div class=\"image-wrapper\">\n                                                                                                                                                                                                                                                            \n                                    <picture class=\"image\">\n                                        <source srcset=\"https:\/\/www.weitzer-waermeparkett.com\/wp-content\/uploads\/2021\/05\/waermeparkett-leiste-kf40-furnierummantelt-eiche-auster-pure-kaschmir-havanna-1-500x500-c-default.jpg 1x,  2x\" media=\"(min-width: 1024px)\"\/>\n                                        <source srcset=\"https:\/\/www.weitzer-waermeparkett.com\/wp-content\/uploads\/2021\/05\/waermeparkett-leiste-kf40-furnierummantelt-eiche-auster-pure-kaschmir-havanna-1-500x500-c-default.jpg 1x,  2x\" media=\"(min-width: 768px)\"\/>\n                                        <source srcset=\"https:\/\/www.weitzer-waermeparkett.com\/wp-content\/uploads\/2021\/05\/waermeparkett-leiste-kf40-furnierummantelt-eiche-auster-pure-kaschmir-havanna-1-500x500-c-default.jpg 1x,  2x\" media=\"(min-width: 768px)\"\/>\n                                        <img decoding=\"async\" src=\"https:\/\/www.weitzer-waermeparkett.com\/wp-content\/uploads\/2021\/05\/waermeparkett-leiste-kf40-furnierummantelt-eiche-auster-pure-kaschmir-havanna-1-500x500-c-default.jpg\" title=\"waermeparkett-leiste-kf40-furnierummantelt-eiche-auster-pure-kaschmir-havanna\" alt=\"\"\/>\n                                    <\/picture>\n                                <\/div>\n                                <div class=\"text-wrapper\">\n\n                                                                            <h2>Eiche, Auster, Pure, Kaschmir, Havanna<\/h2>\n                                                                        \n                                    \n                                    <div class=\"icon-facts\">\n                                        <div class=\"facts\">\n\n                                                                                            <h4>\n                                                    Leiste KF 40                                                <\/h4>\n                                            \n                                                                                            <div class=\"type \">Furn\u00e9rral bevont<\/div>\n                                            \n                                                                                            <div class=\"dimension\">M\u00e9retek hossza 2500 mm<\/div>\n                                                                                    <\/div>\n                                        <div class=\"icons\">\n                                                                                                                                                <div class=\"icon\">\n                                                        <span><img decoding=\"async\" src=\"https:\/\/www.weitzer-waermeparkett.com\/wp-content\/themes\/waermeparkett-theme-2022\/assets\/images\/svgs\/funktionalitaeten\/pflegefrei.svg\"><\/span>\n                                                    <\/div>\n                                                                                                    <div class=\"icon\">\n                                                        <span><img decoding=\"async\" src=\"https:\/\/www.weitzer-waermeparkett.com\/wp-content\/themes\/waermeparkett-theme-2022\/assets\/images\/svgs\/funktionalitaeten\/gesund.svg\"><\/span>\n                                                    <\/div>\n                                                \n                                                                                                                                   <\/div>\n                                    <\/div>\n\n                                    \n                                <\/div>\n                            <\/div>\n                        <\/div>\n                                    <\/div>\n            <\/div>\n            <\/div>\n\n\n<div id=\"ep-block-spacer-block_f0668c60361541abeb61988734307d8d\" class=\"ep-block-spacer ep-block  chosen-bg-theme-beige\">\n            <div class=\"show-frontend\">\n                        <style>\n                #ep-spacer-ePGgf {\n                    height: 100px;\n                }\n                @media (max-width: 767px) {\n                    #ep-spacer-ePGgf {\n                        height: 40px;\n                    }\n                }\n                @media (min-width: 768px) and (max-width: 1023px) {\n                    #ep-spacer-ePGgf {\n                        height: 60px;\n                    }\n                }\n            <\/style>\n            <div id=\"ep-spacer-ePGgf\"><\/div>\n        <\/div>\n    <\/div>\n\n<div id=\"ep-block-spacer-block_99d974b9eeaf70ced35e0ba073254a95\" class=\"ep-block-spacer ep-block  chosen-bg-white\">\n            <div class=\"show-frontend\">\n                        <style>\n                #ep-spacer-Gct0Q {\n                    height: 100px;\n                }\n                @media (max-width: 767px) {\n                    #ep-spacer-Gct0Q {\n                        height: 40px;\n                    }\n                }\n                @media (min-width: 768px) and (max-width: 1023px) {\n                    #ep-spacer-Gct0Q {\n                        height: 60px;\n                    }\n                }\n            <\/style>\n            <div id=\"ep-spacer-Gct0Q\"><\/div>\n        <\/div>\n    <\/div>\n\n<div id=\"ep-block-wysiwyg-block_7579097f8f178b70b2f9e3ecf62ae613\" class=\"ep-block-wysiwyg ep-block  chosen-\">\n                        <div class=\"show-frontend\">\n                <div class=\"inner\">\n                    <div class=\"holder\"><h3 style=\"text-align: center;\">A Meleg Parketta kiz\u00e1r\u00f3lag a Weitzer Parketta term\u00e9keit haszn\u00e1lja, amely a k\u00f6vetkez\u0151 c\u00edmk\u00e9kkel tan\u00fas\u00edtott v\u00e1llalat:<\/h3>\n<p><img loading=\"lazy\" decoding=\"async\" class=\"wp-image-1679 size-full aligncenter\" src=\"https:\/\/www.weitzer-waermeparkett.com\/wp-content\/uploads\/2022\/12\/zertifikate-waermeparkett-weitzer.jpg\" alt=\"\" width=\"1203\" height=\"293\" \/><\/p>\n<\/div>\n                <\/div>\n            <\/div>\n            <\/div>\n\n<div id=\"ep-block-big-image-block_6f215717c4f036b71768ac9413bf173c\" class=\"ep-block-big-image ep-block  chosen-bg-white\">\n                                                <div class=\"show-frontend type-0\" style=\"background-image: url(https:\/\/www.weitzer-waermeparkett.com\/wp-content\/uploads\/2022\/11\/weitzer-diele-2245-eiche-ruhig-gefast-gebuerstet-pa-2-2880x1424-1-scaled-1440x712-c-center.jpg);\">\n\n                \n                \n                <div class=\"holder\">\n\n                                            <h2 class=\"h1 serif\">Minden \u00e1r tartalmazza a teljes csomagot: <br \/>\r\nParketta lerak\u00e1s, f\u0171t\u00e9si szerel\u00e9s \u00e9s \u00fczembe helyez\u00e9s mind\u00f6ssze <br \/>\r\negy nap alatt, szob\u00e1nk\u00e9nt!<\/h2>\n                    \n                    \n                                            <div class=\"btn-wrapper-1\">\n                            <a href=\"https:\/\/www.weitzer-waermeparkett.com\/hu\/keresse-meg-weitzer-partneret\/\" target=\"\" class=\"btn default\" title=\"Itt tal\u00e1lja meg partnereinket\">Itt tal\u00e1lja meg partnereinket<\/a>\n                        <\/div>\n                    \n                    \n                                    <\/div>\n            <\/div>\n            <\/div>","protected":false},"excerpt":{"rendered":"","protected":false},"author":1,"featured_media":0,"parent":0,"menu_order":0,"comment_status":"closed","ping_status":"closed","template":"","meta":{"_acf_changed":false,"footnotes":""},"class_list":["post-3467","page","type-page","status-publish","hentry"],"acf":[],"yoast_head":"<!-- This site is optimized with the Yoast SEO plugin v27.1.1 - https:\/\/yoast.com\/product\/yoast-seo-wordpress\/ -->\n<title>Weitzer f\u0171t\u00f6tt parketta kollekci\u00f3 - W\u00e4rmeparkett<\/title>\n<meta name=\"description\" content=\"Entdecken Sie unsere Weitzer W\u00e4rmeparkett Kollektion und holen Sie sich Ihr Traumparkett nachhause. Gleich durchst\u00f6bern!\" \/>\n<meta name=\"robots\" content=\"index, follow, max-snippet:-1, max-image-preview:large, max-video-preview:-1\" \/>\n<link rel=\"canonical\" href=\"https:\/\/www.weitzer-waermeparkett.com\/hu\/weitzer-futott-parketta-kollekcio\/\" \/>\n<meta property=\"og:locale\" content=\"hu_HU\" \/>\n<meta property=\"og:type\" content=\"article\" \/>\n<meta property=\"og:title\" content=\"Weitzer f\u0171t\u00f6tt parketta kollekci\u00f3 - W\u00e4rmeparkett\" \/>\n<meta property=\"og:description\" content=\"Entdecken Sie unsere Weitzer W\u00e4rmeparkett Kollektion und holen Sie sich Ihr Traumparkett nachhause. Gleich durchst\u00f6bern!\" \/>\n<meta property=\"og:url\" content=\"https:\/\/www.weitzer-waermeparkett.com\/hu\/weitzer-futott-parketta-kollekcio\/\" \/>\n<meta property=\"og:site_name\" content=\"W\u00e4rmeparkett\" \/>\n<meta property=\"article:modified_time\" content=\"2026-04-20T07:30:12+00:00\" \/>\n<meta name=\"twitter:card\" content=\"summary_large_image\" \/>\n<script type=\"application\/ld+json\" class=\"yoast-schema-graph\">{\"@context\":\"https:\/\/schema.org\",\"@graph\":[{\"@type\":\"WebPage\",\"@id\":\"https:\/\/www.weitzer-waermeparkett.com\/hu\/weitzer-futott-parketta-kollekcio\/\",\"url\":\"https:\/\/www.weitzer-waermeparkett.com\/hu\/weitzer-futott-parketta-kollekcio\/\",\"name\":\"Weitzer f\u0171t\u00f6tt parketta kollekci\u00f3 - W\u00e4rmeparkett\",\"isPartOf\":{\"@id\":\"https:\/\/www.weitzer-waermeparkett.com\/hu\/#website\"},\"datePublished\":\"2021-02-17T08:22:28+00:00\",\"dateModified\":\"2026-04-20T07:30:12+00:00\",\"description\":\"Entdecken Sie unsere Weitzer W\u00e4rmeparkett Kollektion und holen Sie sich Ihr Traumparkett nachhause. Gleich durchst\u00f6bern!\",\"breadcrumb\":{\"@id\":\"https:\/\/www.weitzer-waermeparkett.com\/hu\/weitzer-futott-parketta-kollekcio\/#breadcrumb\"},\"inLanguage\":\"hu\",\"potentialAction\":[{\"@type\":\"ReadAction\",\"target\":[\"https:\/\/www.weitzer-waermeparkett.com\/hu\/weitzer-futott-parketta-kollekcio\/\"]}]},{\"@type\":\"BreadcrumbList\",\"@id\":\"https:\/\/www.weitzer-waermeparkett.com\/hu\/weitzer-futott-parketta-kollekcio\/#breadcrumb\",\"itemListElement\":[{\"@type\":\"ListItem\",\"position\":1,\"name\":\"Home\",\"item\":\"https:\/\/www.weitzer-waermeparkett.com\/hu\/\"},{\"@type\":\"ListItem\",\"position\":2,\"name\":\"Weitzer f\u0171t\u00f6tt parketta kollekci\u00f3\"}]},{\"@type\":\"WebSite\",\"@id\":\"https:\/\/www.weitzer-waermeparkett.com\/hu\/#website\",\"url\":\"https:\/\/www.weitzer-waermeparkett.com\/hu\/\",\"name\":\"W\u00e4rmeparkett\",\"description\":\"Die smarte Art zu heizen.\",\"potentialAction\":[{\"@type\":\"SearchAction\",\"target\":{\"@type\":\"EntryPoint\",\"urlTemplate\":\"https:\/\/www.weitzer-waermeparkett.com\/hu\/?s={search_term_string}\"},\"query-input\":{\"@type\":\"PropertyValueSpecification\",\"valueRequired\":true,\"valueName\":\"search_term_string\"}}],\"inLanguage\":\"hu\"}]}<\/script>\n<!-- \/ Yoast SEO plugin. -->","yoast_head_json":{"title":"Weitzer f\u0171t\u00f6tt parketta kollekci\u00f3 - W\u00e4rmeparkett","description":"Entdecken Sie unsere Weitzer W\u00e4rmeparkett Kollektion und holen Sie sich Ihr Traumparkett nachhause. Gleich durchst\u00f6bern!","robots":{"index":"index","follow":"follow","max-snippet":"max-snippet:-1","max-image-preview":"max-image-preview:large","max-video-preview":"max-video-preview:-1"},"canonical":"https:\/\/www.weitzer-waermeparkett.com\/hu\/weitzer-futott-parketta-kollekcio\/","og_locale":"hu_HU","og_type":"article","og_title":"Weitzer f\u0171t\u00f6tt parketta kollekci\u00f3 - W\u00e4rmeparkett","og_description":"Entdecken Sie unsere Weitzer W\u00e4rmeparkett Kollektion und holen Sie sich Ihr Traumparkett nachhause. Gleich durchst\u00f6bern!","og_url":"https:\/\/www.weitzer-waermeparkett.com\/hu\/weitzer-futott-parketta-kollekcio\/","og_site_name":"W\u00e4rmeparkett","article_modified_time":"2026-04-20T07:30:12+00:00","twitter_card":"summary_large_image","schema":{"@context":"https:\/\/schema.org","@graph":[{"@type":"WebPage","@id":"https:\/\/www.weitzer-waermeparkett.com\/hu\/weitzer-futott-parketta-kollekcio\/","url":"https:\/\/www.weitzer-waermeparkett.com\/hu\/weitzer-futott-parketta-kollekcio\/","name":"Weitzer f\u0171t\u00f6tt parketta kollekci\u00f3 - W\u00e4rmeparkett","isPartOf":{"@id":"https:\/\/www.weitzer-waermeparkett.com\/hu\/#website"},"datePublished":"2021-02-17T08:22:28+00:00","dateModified":"2026-04-20T07:30:12+00:00","description":"Entdecken Sie unsere Weitzer W\u00e4rmeparkett Kollektion und holen Sie sich Ihr Traumparkett nachhause. Gleich durchst\u00f6bern!","breadcrumb":{"@id":"https:\/\/www.weitzer-waermeparkett.com\/hu\/weitzer-futott-parketta-kollekcio\/#breadcrumb"},"inLanguage":"hu","potentialAction":[{"@type":"ReadAction","target":["https:\/\/www.weitzer-waermeparkett.com\/hu\/weitzer-futott-parketta-kollekcio\/"]}]},{"@type":"BreadcrumbList","@id":"https:\/\/www.weitzer-waermeparkett.com\/hu\/weitzer-futott-parketta-kollekcio\/#breadcrumb","itemListElement":[{"@type":"ListItem","position":1,"name":"Home","item":"https:\/\/www.weitzer-waermeparkett.com\/hu\/"},{"@type":"ListItem","position":2,"name":"Weitzer f\u0171t\u00f6tt parketta kollekci\u00f3"}]},{"@type":"WebSite","@id":"https:\/\/www.weitzer-waermeparkett.com\/hu\/#website","url":"https:\/\/www.weitzer-waermeparkett.com\/hu\/","name":"W\u00e4rmeparkett","description":"Die smarte Art zu heizen.","potentialAction":[{"@type":"SearchAction","target":{"@type":"EntryPoint","urlTemplate":"https:\/\/www.weitzer-waermeparkett.com\/hu\/?s={search_term_string}"},"query-input":{"@type":"PropertyValueSpecification","valueRequired":true,"valueName":"search_term_string"}}],"inLanguage":"hu"}]}},"_links":{"self":[{"href":"https:\/\/www.weitzer-waermeparkett.com\/hu\/wp-json\/wp\/v2\/pages\/3467","targetHints":{"allow":["GET"]}}],"collection":[{"href":"https:\/\/www.weitzer-waermeparkett.com\/hu\/wp-json\/wp\/v2\/pages"}],"about":[{"href":"https:\/\/www.weitzer-waermeparkett.com\/hu\/wp-json\/wp\/v2\/types\/page"}],"author":[{"embeddable":true,"href":"https:\/\/www.weitzer-waermeparkett.com\/hu\/wp-json\/wp\/v2\/users\/1"}],"replies":[{"embeddable":true,"href":"https:\/\/www.weitzer-waermeparkett.com\/hu\/wp-json\/wp\/v2\/comments?post=3467"}],"version-history":[{"count":4,"href":"https:\/\/www.weitzer-waermeparkett.com\/hu\/wp-json\/wp\/v2\/pages\/3467\/revisions"}],"predecessor-version":[{"id":4005,"href":"https:\/\/www.weitzer-waermeparkett.com\/hu\/wp-json\/wp\/v2\/pages\/3467\/revisions\/4005"}],"wp:attachment":[{"href":"https:\/\/www.weitzer-waermeparkett.com\/hu\/wp-json\/wp\/v2\/media?parent=3467"}],"curies":[{"name":"wp","href":"https:\/\/api.w.org\/{rel}","templated":true}]}}