{"id":3475,"date":"2021-02-17T08:14:24","date_gmt":"2021-02-17T07:14:24","guid":{"rendered":"https:\/\/www.weitzer-waermeparkett.com\/impressum\/"},"modified":"2024-08-19T12:46:46","modified_gmt":"2024-08-19T10:46:46","slug":"impresszum","status":"publish","type":"page","link":"https:\/\/www.weitzer-waermeparkett.com\/hu\/impresszum\/","title":{"rendered":"Impresszum"},"content":{"rendered":"<div id=\"ep-block-page-header-block_8c61b88683008015d280ee86c5bd9ffe\" class=\"ep-block-page-header ep-block  chosen-bg-theme-beige type-4\">\n            <div class=\"show-frontend\">\n\n            <div class=\"inner\">\n                                \n                <div class=\"container mx-auto\" style=\"\">\n                    <div class=\"text-container\">\n\n                                                    <div class=\"breadcrumbs-wrapper\">\n                                <span><span><a href=\"https:\/\/www.weitzer-waermeparkett.com\/hu\/\">Home<\/a><\/span><\/span>\n                            <\/div>\n                        \n                                                    <h1>Impresszum<\/h1>\n                        \n                        \n                        \n                                            <\/div>\n                <\/div>\n            <\/div>\n\n                    <\/div>\n    <\/div>\n\n\n<div id=\"ep-block-wysiwyg-block_c48553c50465ea00c284ddcfb92d365a\" class=\"ep-block-wysiwyg ep-block  chosen-\">\n                        <div class=\"show-frontend\">\n                <div class=\"inner\">\n                    <div class=\"holder\"><h2>\u00c1ltal\u00e1nos v\u00e1llalati adatok<\/h2>\n<p><strong>Sz\u00e9khely:<\/strong><br \/>\nKlammstra\u00dfe 24c<br \/>\n8160 Weiz<br \/>\nAusztria<\/p>\n<p>Telefon: +43 (0) 3172 \/ 2372-0<br \/>\nE-mail: <a href=\"mailto:office@weitzer-waermeparkett.com\" target=\"_blank\" rel=\"noreferrer noopener\">office@weitzer-waermeparkett.com<\/a><br \/>\nWeboldal: <a href=\"https:\/\/www.weitzer-waermeparkett.com\/\">www.weitzer-waermeparkett.com<\/a><\/p>\n<p>FN: 550677 w<br \/>\nARA mentes\u00edtve<br \/>\nUID: ATU76682458<br \/>\nWEEE sz\u00e1m: AT: PROD_0275, DE: 42956098<br \/>\nB\u00edr\u00f3s\u00e1gi hat\u00e1sk\u00f6r: Graz<\/p>\n<h3><strong>Sajt\u00f3k\u00f6zlem\u00e9ny<\/strong><\/h3>\n<p>C\u00e9g neve: Weitzer W\u00e4rmeparkett GmbH<br \/>\n\u00dczleti tev\u00e9kenys\u00e9g: parketta gy\u00e1rt\u00e1s<br \/>\nKamarai tags\u00e1g: a St\u00e1jerorsz\u00e1gi Kereskedelmi Kamara tagja<br \/>\nSzakmai jogszab\u00e1ly: kereskedelmi t\u00f6rv\u00e9ny: www.ris.bka.gv.at<br \/>\nKereskedelmi hat\u00f3s\u00e1g: Bezirkshauptmannschaft Weiz<br \/>\nB\u00edr\u00f3s\u00e1gi hat\u00e1sk\u00f6r: Graz<br \/>\n\u00c1llam: Ausztria &#8211; ipari \u00fczem<br \/>\nT\u00e1rsas\u00e1gi forma: Korl\u00e1tolt Felel\u0151ss\u00e9g\u0171 T\u00e1rsas\u00e1g<br \/>\n(Tulajdonos: Weitzer Holding GmbH 100%)<br \/>\nSz\u00e9khely: Klammstra\u00dfe 24, 8160 Weiz<br \/>\nC\u00e9gjegyz\u00e9ksz\u00e1m: FN550677w<br \/>\nC\u00e9gb\u00edr\u00f3s\u00e1g: Landesgericht Graz<br \/>\nDI Josef Stoppacher<br \/>\nHueberweg 29, 8160 Weiz<\/p>\n<p><strong>\u00dcgyvezet\u0151k:<\/strong><\/p>\n<ul>\n<li>DI Josef Stoppacher<\/li>\n<\/ul>\n<p>R\u00e9szv\u00e9teli ar\u00e1nyok: Weitzer Holding GmbH 100% (C\u00e9g: Weitzer Holding GmbH 52%, Mag\u00e1n szem\u00e9ly Herr Dipl.-Ing. Josef Stoppacher 9%, Mag\u00e1n szem\u00e9ly Herr Dipl.-Ing. (FH) MA Martin F. Karner 9%, Mag\u00e1n szem\u00e9ly Herr Christian Furtmayr 30%)<br \/>\nT\u00e9mak\u00f6r: A weitzer-waermeparkett.com weboldal a Weitzer W\u00e4rmeparkett GmbH term\u00e9keinek \u00e9s szolg\u00e1ltat\u00e1sainak inform\u00e1ci\u00f3it tartalmazza. Ennek megfelel\u0151en ezen internetes fel\u00fclet\u00fcnk\u00f6n megtal\u00e1lhat\u00f3k a v\u00e1llalat partnerei, az, hogy mi\u00e9rt \u00e9rdemes a Weitzer W\u00e4rmeparkett term\u00e9keit megv\u00e1s\u00e1rolni, \u00e9s az aktu\u00e1lisan bet\u00f6lthet\u0151 poz\u00edci\u00f3k.<\/p>\n<p>Online vitarendez\u00e9si platform (OS platform): ec.europa.eu\/odr<br \/>\n(Az Eur\u00f3pai Bizotts\u00e1g \u00e1ltal biztos\u00edtott online vitarendez\u00e9si platform.)<\/p>\n<hr \/>\n<\/div>\n                <\/div>\n            <\/div>\n            <\/div>\n\n<div id=\"ep-block-wysiwyg-block_f0e3e096b3c94f77cdf01dfb9036a82b\" class=\"ep-block-wysiwyg ep-block  chosen-\">\n                        <div class=\"show-frontend\">\n                <div class=\"inner\">\n                    <div class=\"holder\"><h3>Nyilatkozat<\/h3>\n<p>Ez a weboldal hat\u00e1rozatlan id\u0151re sz\u00f3l\u00f3, ingyenes inform\u00e1ci\u00f3s port\u00e1l. A <a href=\"https:\/\/www.weitzer-waermeparkett.com\">www.weitzer-waermeparkett.com<\/a> weboldal haszn\u00e1lat\u00e1val elfogadja a k\u00f6vetkez\u0151 pontokat:<\/p>\n<h4>Felel\u0151ss\u00e9g<\/h4>\n<p>A weboldal tartalma gondos odafigyel\u00e9ssel k\u00e9sz\u00fclt, azonban a weboldal \u00fczemeltet\u0151je kiz\u00e1r minden felel\u0151ss\u00e9get az ezen tartalmakkal kapcsolatosan. A rendelkez\u00e9sre \u00e1ll\u00f3 tartalmak kiz\u00e1r\u00f3lag t\u00e1j\u00e9koztat\u00f3 jelleg\u0171ek, \u00e9s nem tekinthet\u0151k p\u00e9nz\u00fcgyi d\u00f6nt\u00e9sek egyed\u00fcli alapj\u00e1nak.<br \/>\nA linkelt oldalak linkel\u00e9sekor ellen\u0151rizt\u00fck a jogs\u00e9rt\u00e9si potenci\u00e1lt. A jogs\u00e9rt\u0151 tartalmak nem voltak felismerhet\u0151k a linkel\u00e9s id\u0151pontj\u00e1ban.<\/p>\n<h4>Szerz\u0151i jog<\/h4>\n<p>Minden tartalom, k\u00fcl\u00f6n\u00f6sen a sz\u00f6vegek, grafik\u00e1k, f\u00e9nyk\u00e9pek, valamint az eg\u00e9sz weboldal koncepci\u00f3ja \u00e9s elrendez\u00e9se szerz\u0151i jogv\u00e9delem alatt \u00e1ll. Kifejezetten tilos a tartalmak vagy tartalomr\u00e9szek \u00edr\u00e1sos enged\u00e9ly n\u00e9lk\u00fcli m\u00e1sol\u00e1sa vagy publik\u00e1l\u00e1sa m\u00e1s weboldalakon. Az egyes oldalak vagy tartalmak let\u00f6lt\u00e9se \u00e9s m\u00e1sol\u00e1sa kiz\u00e1r\u00f3lag mag\u00e1n, nem kereskedelmi c\u00e9lra enged\u00e9lyezett.<br \/>\nB\u00e1r tiszteletben tartjuk a harmadik felek szerz\u0151i jogait, hib\u00e1k el\u0151fordulhatnak. Amennyiben ilyenre figyel fel, k\u00e9rj\u00fck, jelezze nek\u00fcnk. Jogs\u00e9rt\u00e9sek felfedez\u00e9se eset\u00e9n az ilyen tartalmakat azonnal elt\u00e1vol\u00edtjuk.<\/p>\n<h4>Adatv\u00e9delmi nyilatkozat<\/h4>\n<p>Ez a weboldal haszn\u00e1l Google Analytics nev\u0171 webanalitikai szolg\u00e1ltat\u00e1st, amelyet a Google Inc. (\u201eGoogle\u201d) \u00fczemeltet. A Google Analytics \u201ecookie\u201d-kat, azaz sz\u00f6veges f\u00e1jlokat haszn\u00e1l, amelyeket a sz\u00e1m\u00edt\u00f3g\u00e9ped t\u00e1rol, \u00e9s lehet\u0151v\u00e9 teszik a weboldal haszn\u00e1lat\u00e1nak elemz\u00e9s\u00e9t. A cookie \u00e1ltal gener\u00e1lt inform\u00e1ci\u00f3kat (bele\u00e9rtve az IP-c\u00edmed) \u00e1ltal\u00e1ban a Google \u00e1ltal egy USA-beli szerverre tov\u00e1bb\u00edtj\u00e1k, \u00e9s ott t\u00e1rolj\u00e1k. A Google ezeket az inform\u00e1ci\u00f3kat arra haszn\u00e1lja fel, hogy \u00e9rt\u00e9kelje weboldal haszn\u00e1lat\u00e1t, jelent\u00e9seket k\u00e9sz\u00edtsen a weboldal tev\u00e9kenys\u00e9geir\u0151l a weboldal \u00fczemeltet\u0151je sz\u00e1m\u00e1ra, valamint tov\u00e1bbi, a weboldal \u00e9s az internet haszn\u00e1lat\u00e1val kapcsolatos szolg\u00e1ltat\u00e1sok ny\u00fajt\u00e1s\u00e1ra. A Google ezeket az inform\u00e1ci\u00f3kat harmadik felek r\u00e9sz\u00e9re is tov\u00e1bb\u00edtja, ha azt t\u00f6rv\u00e9ny el\u0151\u00edrja, vagy ha ezek a harmadik felek az adatokat a Google megb\u00edz\u00e1s\u00e1b\u00f3l dolgozz\u00e1k fel. A Google soha nem fogja az \u00d6n IP-c\u00edm\u00e9t m\u00e1s adatokkal \u00f6sszekapcsolni. A cookie-k haszn\u00e1lat\u00e1nak megakad\u00e1lyoz\u00e1s\u00e1ra vonatkoz\u00f3 be\u00e1ll\u00edt\u00e1sokat a b\u00f6ng\u00e9sz\u0151 szoftver megfelel\u0151 be\u00e1ll\u00edt\u00e1sainak kiv\u00e1laszt\u00e1s\u00e1val v\u00e9gezheti el, b\u00e1r ebben az esetben felh\u00edvjuk figyelm\u00e9t, hogy nem biztos\u00edthatja a weboldal \u00f6sszes funkci\u00f3j\u00e1nak teljes k\u00f6r\u0171 haszn\u00e1lat\u00e1t. A weboldal haszn\u00e1lat\u00e1val \u00d6n elfogadja, hogy a Google az \u00d6n adatait a fent le\u00edrt m\u00f3don \u00e9s c\u00e9lokra haszn\u00e1lja.<\/p>\n<p>A Google b\u00f6ng\u00e9sz\u0151-kieg\u00e9sz\u00edt\u0151 seg\u00edts\u00e9g\u00e9vel tiltakozhat az adatgy\u0171jt\u00e9s ellen. A kieg\u00e9sz\u00edt\u0151 a k\u00f6vetkez\u0151 linkr\u0151l t\u00f6lthet\u0151 le: <a href=\"https:\/\/tools.google.com\/dlpage\/gaoptout?hl=de\">https:\/\/tools.google.com\/dlpage\/gaoptout?hl=de<\/a><\/p>\n<hr \/>\n<\/div>\n                <\/div>\n            <\/div>\n            <\/div>\n\n<div id=\"ep-block-wysiwyg-block_468828a2062e3517a3d521661608ed5a\" class=\"ep-block-wysiwyg ep-block  chosen-\">\n                        <div class=\"show-frontend\">\n                <div class=\"inner\">\n                    <div class=\"holder\"><h3>Weitzer Csoport inform\u00e1ci\u00f3biztons\u00e1gi politik\u00e1ja<\/h3>\n<p><strong>Az inform\u00e1ci\u00f3biztons\u00e1gi politika hat\u00e1lya:<\/strong><br \/>\nAz inform\u00e1ci\u00f3biztons\u00e1gi politika vonatkozik az eg\u00e9sz Weitzer csoportra, \u00e9s mag\u00e1ban foglalja az adatok \u00e9s inform\u00e1ci\u00f3k (\u00edr\u00e1sban, sz\u00f3ban vagy elektronikus form\u00e1ban) v\u00e9delm\u00e9t. C\u00e9lja a tud\u00e1s \u00e9s az abb\u00f3l ered\u0151 m\u00e1s v\u00e1llalati \u00e9rt\u00e9kek v\u00e9delme.<\/p>\n<p><strong>Az inform\u00e1ci\u00f3biztons\u00e1g c\u00e9ljai<\/strong><br \/>\nAz inform\u00e1ci\u00f3biztons\u00e1g legf\u0151bb c\u00e9lja a jogosulatlan hozz\u00e1f\u00e9r\u00e9s \u00e9s manipul\u00e1ci\u00f3 elleni v\u00e9delem, az adatok elveszt\u00e9se \u00e9s megsemmis\u00fcl\u00e9se elleni v\u00e9delem, valamint az inform\u00e1ci\u00f3 bizalmass\u00e1g\u00e1nak v\u00e9delme.<\/p>\n<p>A k\u00f6z\u00e9ppontban az \u00f6sszes k\u00fcls\u0151 \u00e9s bels\u0151 ig\u00e9ny inform\u00e1ci\u00f3biztons\u00e1gi menedzsment rendszer\u00fcnk \u00e1ltali kiel\u00e9g\u00edt\u00e9se.<\/p>\n<p>C\u00e9lunk, hogy magunkat, \u00fcgyfeleinket \u00e9s \u00fczleti partnereinket megv\u00e9dj\u00fck a biztons\u00e1gi r\u00e9s okozta b\u00e1rmely negat\u00edv k\u00f6vetkezm\u00e9nyt\u0151l.<\/p>\n<p><strong>Inform\u00e1ci\u00f3biztons\u00e1gi strat\u00e9gia<\/strong><br \/>\nAz inform\u00e1ci\u00f3biztons\u00e1got a v\u00e1llalati strat\u00e9gia r\u00e9szek\u00e9nt val\u00f3s\u00edtjuk meg. Inform\u00e1ci\u00f3biztons\u00e1gi menedzsment rendszert hozunk l\u00e9tre \u00e9s folyamatosan jav\u00edtjuk.<\/p>\n<p>Az c\u00e9gvezet\u0151k \u00e9s vezet\u0151 alkalmazottak tudatoss\u00e1g\u00e1nak fejleszt\u00e9se \u00e9s az \u00e1tadott inform\u00e1ci\u00f3kkal \u00e9s adatokkal val\u00f3 p\u00e9ldamutat\u00f3 b\u00e1n\u00e1sm\u00f3dja az alapja inform\u00e1ci\u00f3biztons\u00e1gi strat\u00e9gi\u00e1nknak.<\/p>\n<p>Az inform\u00e1ci\u00f3biztons\u00e1gi rendszerrel kapcsolatos kock\u00e1zatok ism\u00e9telt felismer\u00e9se \u00e9s kezel\u00e9se az inform\u00e1ci\u00f3biztons\u00e1g fenyeget\u00e9seinek felismer\u00e9s\u00e9t \u00e9s elh\u00e1r\u00edt\u00e1s\u00e1t teszi lehet\u0151v\u00e9.<\/p>\n<p>A bels\u0151 \u00e9s k\u00fcls\u0151 ellen\u0151rz\u00e9sek t\u00e1mogatj\u00e1k \u00e9s lehet\u0151v\u00e9 teszik az inform\u00e1ci\u00f3biztons\u00e1gi menedzsment rendszer folyamatos fejleszt\u00e9s\u00e9t.<\/p>\n<p>Az inform\u00e1ci\u00f3biztons\u00e1gi menedzsment \u00e1ltal meghat\u00e1rozott el\u0151\u00edr\u00e1sok betart\u00e1sa minden Weitzer Csoport munkat\u00e1rs sz\u00e1m\u00e1ra k\u00f6telez\u0151.<\/p>\n<p><a href=\"https:\/\/www.weitzer-waermeparkett.com\/wp-content\/uploads\/2023\/05\/isms-521-informationssicherheitspolitik-weitzer-group.pdf\" target=\"_blank\" rel=\"noopener\"><strong>Let\u00f6lt\u00e9s itt<\/strong><\/a><\/p>\n<hr \/>\n<\/div>\n                <\/div>\n            <\/div>\n            <\/div>\n\n<div id=\"ep-block-wysiwyg-block_2cc2aef2041692ad8c4bac25f247b352\" class=\"ep-block-wysiwyg ep-block  chosen-\">\n                        <div class=\"show-frontend\">\n                <div class=\"inner\">\n                    <div class=\"holder\"><h4>K\u00e9pek jogai<\/h4>\n<p>\u00a9 Weitzer W\u00e4rmeparkett<br \/>\n\u00a9 <a href=\"https:\/\/www.freepik.com\/free-photos-vectors\/business\">Business vector created by Alekksall \u2013 Freepik.com<\/a><\/p>\n<\/div>\n                <\/div>\n            <\/div>\n            <\/div>","protected":false},"excerpt":{"rendered":"","protected":false},"author":1,"featured_media":0,"parent":0,"menu_order":0,"comment_status":"closed","ping_status":"closed","template":"","meta":{"_acf_changed":false,"footnotes":""},"class_list":["post-3475","page","type-page","status-publish","hentry"],"acf":[],"yoast_head":"<!-- This site is optimized with the Yoast SEO plugin v27.1.1 - https:\/\/yoast.com\/product\/yoast-seo-wordpress\/ -->\n<title>Impresszum - W\u00e4rmeparkett<\/title>\n<meta name=\"robots\" content=\"index, follow, max-snippet:-1, max-image-preview:large, max-video-preview:-1\" \/>\n<link rel=\"canonical\" href=\"https:\/\/www.weitzer-waermeparkett.com\/hu\/impresszum\/\" \/>\n<meta property=\"og:locale\" content=\"hu_HU\" \/>\n<meta property=\"og:type\" content=\"article\" \/>\n<meta property=\"og:title\" content=\"Impresszum - W\u00e4rmeparkett\" \/>\n<meta property=\"og:url\" content=\"https:\/\/www.weitzer-waermeparkett.com\/hu\/impresszum\/\" \/>\n<meta property=\"og:site_name\" content=\"W\u00e4rmeparkett\" \/>\n<meta property=\"article:modified_time\" content=\"2024-08-19T10:46:46+00:00\" \/>\n<meta name=\"twitter:card\" content=\"summary_large_image\" \/>\n<script type=\"application\/ld+json\" class=\"yoast-schema-graph\">{\"@context\":\"https:\/\/schema.org\",\"@graph\":[{\"@type\":\"WebPage\",\"@id\":\"https:\/\/www.weitzer-waermeparkett.com\/hu\/impresszum\/\",\"url\":\"https:\/\/www.weitzer-waermeparkett.com\/hu\/impresszum\/\",\"name\":\"Impresszum - W\u00e4rmeparkett\",\"isPartOf\":{\"@id\":\"https:\/\/www.weitzer-waermeparkett.com\/hu\/#website\"},\"datePublished\":\"2021-02-17T07:14:24+00:00\",\"dateModified\":\"2024-08-19T10:46:46+00:00\",\"breadcrumb\":{\"@id\":\"https:\/\/www.weitzer-waermeparkett.com\/hu\/impresszum\/#breadcrumb\"},\"inLanguage\":\"hu\",\"potentialAction\":[{\"@type\":\"ReadAction\",\"target\":[\"https:\/\/www.weitzer-waermeparkett.com\/hu\/impresszum\/\"]}]},{\"@type\":\"BreadcrumbList\",\"@id\":\"https:\/\/www.weitzer-waermeparkett.com\/hu\/impresszum\/#breadcrumb\",\"itemListElement\":[{\"@type\":\"ListItem\",\"position\":1,\"name\":\"Home\",\"item\":\"https:\/\/www.weitzer-waermeparkett.com\/hu\/\"},{\"@type\":\"ListItem\",\"position\":2,\"name\":\"Impresszum\"}]},{\"@type\":\"WebSite\",\"@id\":\"https:\/\/www.weitzer-waermeparkett.com\/hu\/#website\",\"url\":\"https:\/\/www.weitzer-waermeparkett.com\/hu\/\",\"name\":\"W\u00e4rmeparkett\",\"description\":\"Die smarte Art zu heizen.\",\"potentialAction\":[{\"@type\":\"SearchAction\",\"target\":{\"@type\":\"EntryPoint\",\"urlTemplate\":\"https:\/\/www.weitzer-waermeparkett.com\/hu\/?s={search_term_string}\"},\"query-input\":{\"@type\":\"PropertyValueSpecification\",\"valueRequired\":true,\"valueName\":\"search_term_string\"}}],\"inLanguage\":\"hu\"}]}<\/script>\n<!-- \/ Yoast SEO plugin. -->","yoast_head_json":{"title":"Impresszum - W\u00e4rmeparkett","robots":{"index":"index","follow":"follow","max-snippet":"max-snippet:-1","max-image-preview":"max-image-preview:large","max-video-preview":"max-video-preview:-1"},"canonical":"https:\/\/www.weitzer-waermeparkett.com\/hu\/impresszum\/","og_locale":"hu_HU","og_type":"article","og_title":"Impresszum - W\u00e4rmeparkett","og_url":"https:\/\/www.weitzer-waermeparkett.com\/hu\/impresszum\/","og_site_name":"W\u00e4rmeparkett","article_modified_time":"2024-08-19T10:46:46+00:00","twitter_card":"summary_large_image","schema":{"@context":"https:\/\/schema.org","@graph":[{"@type":"WebPage","@id":"https:\/\/www.weitzer-waermeparkett.com\/hu\/impresszum\/","url":"https:\/\/www.weitzer-waermeparkett.com\/hu\/impresszum\/","name":"Impresszum - W\u00e4rmeparkett","isPartOf":{"@id":"https:\/\/www.weitzer-waermeparkett.com\/hu\/#website"},"datePublished":"2021-02-17T07:14:24+00:00","dateModified":"2024-08-19T10:46:46+00:00","breadcrumb":{"@id":"https:\/\/www.weitzer-waermeparkett.com\/hu\/impresszum\/#breadcrumb"},"inLanguage":"hu","potentialAction":[{"@type":"ReadAction","target":["https:\/\/www.weitzer-waermeparkett.com\/hu\/impresszum\/"]}]},{"@type":"BreadcrumbList","@id":"https:\/\/www.weitzer-waermeparkett.com\/hu\/impresszum\/#breadcrumb","itemListElement":[{"@type":"ListItem","position":1,"name":"Home","item":"https:\/\/www.weitzer-waermeparkett.com\/hu\/"},{"@type":"ListItem","position":2,"name":"Impresszum"}]},{"@type":"WebSite","@id":"https:\/\/www.weitzer-waermeparkett.com\/hu\/#website","url":"https:\/\/www.weitzer-waermeparkett.com\/hu\/","name":"W\u00e4rmeparkett","description":"Die smarte Art zu heizen.","potentialAction":[{"@type":"SearchAction","target":{"@type":"EntryPoint","urlTemplate":"https:\/\/www.weitzer-waermeparkett.com\/hu\/?s={search_term_string}"},"query-input":{"@type":"PropertyValueSpecification","valueRequired":true,"valueName":"search_term_string"}}],"inLanguage":"hu"}]}},"_links":{"self":[{"href":"https:\/\/www.weitzer-waermeparkett.com\/hu\/wp-json\/wp\/v2\/pages\/3475","targetHints":{"allow":["GET"]}}],"collection":[{"href":"https:\/\/www.weitzer-waermeparkett.com\/hu\/wp-json\/wp\/v2\/pages"}],"about":[{"href":"https:\/\/www.weitzer-waermeparkett.com\/hu\/wp-json\/wp\/v2\/types\/page"}],"author":[{"embeddable":true,"href":"https:\/\/www.weitzer-waermeparkett.com\/hu\/wp-json\/wp\/v2\/users\/1"}],"replies":[{"embeddable":true,"href":"https:\/\/www.weitzer-waermeparkett.com\/hu\/wp-json\/wp\/v2\/comments?post=3475"}],"version-history":[{"count":3,"href":"https:\/\/www.weitzer-waermeparkett.com\/hu\/wp-json\/wp\/v2\/pages\/3475\/revisions"}],"predecessor-version":[{"id":3558,"href":"https:\/\/www.weitzer-waermeparkett.com\/hu\/wp-json\/wp\/v2\/pages\/3475\/revisions\/3558"}],"wp:attachment":[{"href":"https:\/\/www.weitzer-waermeparkett.com\/hu\/wp-json\/wp\/v2\/media?parent=3475"}],"curies":[{"name":"wp","href":"https:\/\/api.w.org\/{rel}","templated":true}]}}